{"id":921,"date":"2012-01-13T21:02:17","date_gmt":"2012-01-13T20:02:17","guid":{"rendered":"http:\/\/drupal.minosegihaz.hu\/?page_id=921"},"modified":"2023-07-30T21:46:18","modified_gmt":"2023-07-30T19:46:18","slug":"ugyfelbeszamolok","status":"publish","type":"page","link":"https:\/\/minosegihaz.hu\/?page_id=921","title":{"rendered":"\u00dcgyf\u00e9lbesz\u00e1mol\u00f3k"},"content":{"rendered":"<hr>\n<h3 style=\"text-align: justify;\"><strong>&#8220;H\u00e1l\u00e1sak vagyunk eddigi \u00fcgyfeleinknek a bel\u00e9nk vetett bizalom\u00e9rt \u00e9s hogy meg\u00e9p\u00fclt otthonaik \u00e1ltal megmutathattuk, hogy a Min\u0151s\u00e9gi h\u00e1z egy pozit\u00edv kiv\u00e9tel a k\u00e9tes h\u00edr\u0171 magyar \u00e9p\u00edt\u0151ipari v\u00e1llalkoz\u00e1sok k\u00f6z\u00fcl. Bizalmukat k\u00f6sz\u00f6nj\u00fck!&#8221;<\/strong><\/h3>\n<h2 style=\"text-align: center;\">\u0150rbotty\u00e1n, rusztikus<\/h2>\n<p><img src=\"https:\/\/minosegihaz.hu\/content\/orbrusz11.png\"><br \/>\n<strong>Milyen \u00e9rvek miatt d\u00f6nt\u00f6tt, az Expert Kivitelez\u00e9s Kft mellett, illetve a c\u00e9g \u00e1ltal bemutatott referencia h\u00e1zak befoly\u00e1solt\u00e1k-e a d\u00f6nt\u00e9sben?<\/strong><br \/>\nKrastenics Ervin \u00farral a veresegyh\u00e1zi irod\u00e1j\u00e1ban tudtuk megkezdeni az aj\u00e1nlatt\u00e9teli folyamatot. Azaz c\u00e9gszer\u0171 m\u0171k\u00f6d\u00e9st tapasztaltunk. A m\u00e1r akkor folyamatban l\u00e9v\u0151 \u00e9p\u00edtkez\u00e9sek kiv\u00e1l\u00f3 projekt kezel\u00e9ssel t\u00f6rt\u00e9ntek \u00e9s dokument\u00e1ltak voltak, a m\u00f3dszertan bemutat\u00e1sra ker\u00fclt. T\u00f6bb folyamatban l\u00e9v\u0151 kivitelez\u00e9st is megtekintett\u00fcnk ahol a t\u00e1rsas\u00e1g kiv\u00e1l\u00f3 szakembereivel is volt lehet\u0151s\u00e9g\u00fcnk szem\u00e9lyesen is tal\u00e1lkozni. A kivitelez\u00e9si ter\u00fcleten szervezett \u00e9s rendezett munka folyt. Ingatlanos facebook csoportban kor\u00e1bbi a Veranda magazinba is beker\u00fclt kivitelezett ingatlan tulajdonos\u00e1val is tudtunk egyeztetni \u00e9s kiv\u00e1l\u00f3 min\u0151s\u00edt\u00e9s\u0171 referenci\u00e1t kaptunk t\u0151le. Mindezek alapj\u00e1n t\u00f6bb m\u00e1s kivitelez\u0151i aj\u00e1nlatot \u00f6sszevetve amelyek k\u00f6z\u00f6tt \u00e1r tekintet\u00e9ben voltak alacsonyabbak m\u00e9gis az Expert Kivitelez\u00e9s Kft mellett d\u00f6nt\u00f6tt\u00fcnk.<\/p>\n<p><strong>Mennyire volt el\u00e9gedett a c\u00e9g \u00e1ltal ny\u00fajtott kivitelez\u00e9ssel, szolg\u00e1ltat\u00e1sokkal, illetve a c\u00e9g szakmunk\u00e1saival \u00e9s alv\u00e1llalkoz\u00f3 csapataival?<\/strong><br \/>\nA t\u00e1rsas\u00e1g szakemberei profi \u00e9s ig\u00e9nyes munk\u00e1t v\u00e9geztek. Az esetleges kieg\u00e9sz\u00edt\u0151 vagy speci\u00e1lis ig\u00e9nyeket meg lehetett vel\u00fck besz\u00e9lni \u00e9s Krastenics Ervin \u00far min\u0151s\u00e9gi javaslataival kieg\u00e9sz\u00edtve magas min\u0151s\u00e9get el\u00e9rni.<\/p>\n<p><strong>A kivitelez\u00e9s k\u00f6zben k\u00e9rt v\u00e1ltoztat\u00e1sok, v\u00e1ratlan probl\u00e9m\u00e1k az \u00d6n elv\u00e1r\u00e1s\u00e1nak megfelel\u0151en lett megoldva?<\/strong><br \/>\nNagyon fontos volt sz\u00e1munkra, hogy a kivitelez\u0151vel megfelel\u0151 \u00e9s j\u00f3 min\u0151s\u00e9g\u0171 kommunik\u00e1ci\u00f3t tudjunk megval\u00f3s\u00edtani. Mindig megfelel\u0151 nyitotts\u00e1ggal \u00e1llt k\u00e9r\u00e9seinkhez vagy a kivitelez\u00e9s k\u00f6zben bek\u00f6vetkez\u0151 v\u00e1ltoztat\u00e1si javaslatainkhoz. Minden esetben kellemes \u00e9s j\u00f3 meg\u00e1llapod\u00e1sokat tudtunk k\u00f6tni \u00e9s nem k\u00e9nyszer alkukat.<\/p>\n<p><strong>Mi\u00e9rt aj\u00e1nlan\u00e1 az Expert Kivitelez\u00e9s Kft-t m\u00e1s \u00e9p\u00edtkez\u00e9s el\u0151tt \u00e1ll\u00f3 \u00fcgyfeleknek?<\/strong><br \/>\nAz\u00e9rt aj\u00e1nlan\u00e1m mert Krastenics Ervin \u00far betartotta a szav\u00e1t amit k\u00e9rtem t\u0151le mikor elind\u00edtottuk a kivitelez\u00e9st.<br \/>\nK\u00e9rtem t\u0151le, hogy a csal\u00e1dom sz\u00e1m\u00e1ra ne csak egy h\u00e1zat \u00e9p\u00edtsen. \u00c9s \u0151 teljes\u00edtette ezt, otthont \u00e9p\u00edtett.<br \/>\nAz els\u0151 ingatlan ut\u00e1n a m\u00e1sodik h\u00e1zat is egy\u00e9rtelm\u0171en vele kiviteleztett\u00fck \u00e9s azon projektet is teljes megel\u00e9gedetts\u00e9ggel z\u00e1rtuk. Ha lesz tov\u00e1bbi \u00e9p\u00edtkez\u00e9si projekt\u00fcnk akkor ugyancsak Krastenics Ervin \u00farral fogunk egy\u00fctt dolgozni \u00e9s \u0151t fogjuk megb\u00edzni.<\/p>\n<hr>\n<p>Gepetto weblap referencia vide\u00f3:<br \/>\n<a title=\"https:\/\/www.geppetto.hu\/portfolio\/egy-kis-provance-a-godolloi-dombsagban\" href=\"https:\/\/www.geppetto.hu\/portfolio\/egy-kis-provance-a-godolloi-dombsagban\" target=\"_blank\" rel=\"noopener noreferrer\">https:\/\/www.geppetto.hu\/portfolio\/egy-kis-provance-a-godolloi-dombsagban<\/a><br \/>\n<img src=\"https:\/\/minosegihaz.hu\/content\/orbrusz21.png\"><\/p>\n<hr>\n<h2 style=\"text-align: center;\">G\u00f6d\u00f6ll\u0151, hagyom\u00e1nyos<\/h2>\n<p><img src=\"https:\/\/minosegihaz.hu\/content\/ghagy1.png\"><\/p>\n<p><strong>Milyen \u00e9rvek miatt d\u00f6nt\u00f6tt az Expert Kivitelez\u00e9s Kft mellett, illetve a c\u00e9g \u00e1ltal bemutatott referencia h\u00e1zak befoly\u00e1solt\u00e1k-e a d\u00f6nt\u00e9sben?<\/strong><br \/>\nSorolom:<br \/>\nM\u00e1r szerz\u0151d\u00e9sk\u00f6t\u00e9s el\u0151tt sokat tudtunk besz\u00e9lgetni Ervinnel, sz\u00e1mos tan\u00e1ccsal l\u00e1tott el benn\u00fcnket, seg\u00edtett az \u00e9p\u00edt\u00e9si telek kiv\u00e1laszt\u00e1s\u00e1ban is. Nem tudn\u00e1nk egy referenciah\u00e1zat kiemelni, \u00f6sszess\u00e9g\u00e9ben volt meggy\u0151z\u0151 a k\u00e9p. Szimpatikus volt, hogy egyr\u00e9szt nem akart minden\u00e1ron r\u00e1nk tukm\u00e1lni egy \u00e9p\u00edtkez\u00e9st, m\u00e1sr\u00e9szt nem \u00edg\u00e9rt f\u0171t-f\u00e1t \u2013 elmondta, hogy milyen m\u0171szaki tartalommal \u00e9p\u00edtkezik \u00e9s mi\u00e9rt; csak az \u00e1rcs\u00f6kkent\u00e9s kedv\u00e9\u00e9rt nem ker\u00fcltek be olcs\u00f3bb anyagok, vagyis nem ment bele olyan kompromisszumokba, amelyek vesz\u00e9lyeztett\u00e9k volna az \u00e9p\u00edtkez\u00e9s, az \u00e9p\u00fclet min\u0151s\u00e9g\u00e9t<br \/>\nmeggy\u0151z\u0151 volt az is, hogy a fizet\u00e9si \u00fctemek k\u00f6vett\u00e9k az \u00e9p\u00edtkez\u00e9s \u00fctem\u00e9t, nem kellett el\u0151re letenni az \u00f6sszk\u00f6lts\u00e9g fel\u00e9t-k\u00e9tharmad\u00e1t.<\/p>\n<p><strong>Mennyire volt el\u00e9gedett a c\u00e9g \u00e1ltal ny\u00fajtott kivitelez\u00e9ssel, szolg\u00e1ltat\u00e1sokkal, illetve a c\u00e9g szakmunk\u00e1saival \u00e9s alv\u00e1llalkoz\u00f3 csapataival?<\/strong><br \/>\nMaxim\u00e1lisan el\u00e9gedettek voltunk vel\u00fck, az \u00f6sszes szakember (amennyire mi ezt meg tudtuk \u00edt\u00e9lni) kompetens volt a saj\u00e1t ter\u00fclet\u00e9n \u2013 mindig k\u00e9szs\u00e9gesen v\u00e1laszoltak a felmer\u00fcl\u0151 k\u00e9rd\u00e9seinkre, nem b\u00e1nt\u00e1k, ha v\u00e1ratlanul megjelent\u00fcnk az \u00e9p\u00edtkez\u00e9sen<br \/>\nk\u00fcl\u00f6n\u00f6sen fontos volt, hogy egy\u00fctt gondolkodtak vel\u00fcnk, \u00e9rt\u00e9kes tan\u00e1csokkal seg\u00edtett\u00e9k a d\u00f6nt\u00e9seinket (p\u00e9ld\u00e1ul a burkolatok lerak\u00e1s\u00e1n\u00e1l, a v\u00edz- \u00e9s villanyh\u00e1l\u00f3zat megtervez\u00e9s\u00e9n\u00e9l \u00e9s kivitelez\u00e9s\u00e9n\u00e9l). K\u00fcl\u00f6n kiemeln\u00e9m a k\u0151m\u0171ves csapat vezet\u0151j\u00e9t, Attil\u00e1t \u2013 \u0151 javasolta, hogy a gar\u00e1zs szintj\u00e9t (az eredeti \u00e9p\u00edt\u00e9szi tervekkel ellent\u00e9tben) vigy\u00fck f\u00e9l m\u00e9terrel lejjebb \u2013 ha ezt nem tessz\u00fck meg, most nem tudn\u00e1nk aut\u00f3val be\u00e1llni a gar\u00e1zsba \ud83d\ude0a. Szint\u00e9n er\u0151s pozit\u00edvum, hogy az \u00e9p\u00edtkez\u00e9s sor\u00e1n mindig figyeltek a k\u00f6rnyezet tisztas\u00e1g\u00e1ra, rendbe t\u00e9tel\u00e9re, minden csapat \u00fagy vonult le, hogy rendet hagyott maga ut\u00e1n a telken \u00e9s a h\u00e1zon bel\u00fcl is. K\u00fcl\u00f6n k\u00f6nnyebbs\u00e9get jelentett, hogy a h\u00e1z elk\u00e9sz\u00fclte ut\u00e1n teljes k\u00f6r\u0171 takar\u00edt\u00e1sra ker\u00fclt sor, \u00edgy gyakorlatilag bek\u00f6lt\u00f6zhet\u0151 \u00e1llapotban vett\u00fck \u00e1t a h\u00e1zat. Bek\u00f6lt\u00f6z\u00e9s ut\u00e1n is sz\u00e1m\u00edthattunk a mesterekre, szakemberekre, ha m\u00e9g valamire sz\u00fcks\u00e9g\u00fcnk volt, vagy probl\u00e9m\u00e1nk ad\u00f3dott, telefonon is seg\u00edtettek, de ki is sz\u00e1lltak a helysz\u00ednre, ha sz\u00fcks\u00e9ges volt.<\/p>\n<p><strong>A kivitelez\u00e9s k\u00f6zben k\u00e9rt v\u00e1ltoztat\u00e1sok, v\u00e1ratlan probl\u00e9m\u00e1k az \u00d6n elv\u00e1r\u00e1s\u00e1nak megfelel\u0151en lett megoldva?<\/strong><br \/>\nProbl\u00e9m\u00e1k nem nagyon ad\u00f3dtak, ami v\u00e1ltoztat\u00e1si k\u00e9relm\u00fcnk volt, azt mindig megoldott\u00e1k.<\/p>\n<p><strong>Mi\u00e9rt aj\u00e1nlan\u00e1 az Expert Kivitelez\u00e9s Kft-t m\u00e1s \u00e9p\u00edtkez\u00e9s el\u0151tt \u00e1ll\u00f3 \u00fcgyfeleknek?<strong><br \/>\n<\/strong><\/strong>Az \u00e9p\u00edt\u0151anyagok \u00e9p\u00edtkez\u00e9s k\u00f6zbeni dr\u00e1gul\u00e1sa ellen\u00e9re nem v\u00e1ltozott a kivitelez\u00e9si \u00e1r, \u00e9s \u00edgy is hat\u00e1rid\u0151re elk\u00e9sz\u00fclt a h\u00e1z. Lassan k\u00e9t \u00e9ve lakunk itt \u00e9s b\u00e1rmilyen garanci\u00e1lis probl\u00e9m\u00e1nk ad\u00f3dott, vagy ut\u00f3lag kellett m\u00e9g valamint megcsin\u00e1lni, azt hat\u00e9konyan \u00e9s k\u00e9szs\u00e9gesen megoldott\u00e1k (b\u00e1r csak minim\u00e1lis jav\u00edtanival\u00f3 volt, egy t\u00f6r\u00f6tt j\u00e1r\u00f3lap).<br \/>\nAmit m\u00e9g el szeretne mondani:<br \/>\nM\u00e1r r\u00e9g v\u00e9get \u00e9rt az \u00e9p\u00edtkez\u00e9s, m\u00e1r nem vagyunk szerz\u0151d\u00e9ses kapcsolatban, de amikor sz\u00edvess\u00e9get k\u00e9rt\u00fck Ervint\u0151l (mobil ker\u00edt\u00e9st) sz\u00f3 n\u00e9lk\u00fcl seg\u00edtett.<\/p>\n<hr>\n<h2 style=\"text-align: center;\">Sz\u00e9kely csal\u00e1d<\/h2>\n<p style=\"text-align: justify;\"><img loading=\"lazy\" class=\"aligncenter\" src=\"\/content\/jbh2.png\" alt=\"\" width=\"200\" height=\"200\"><strong>Mi alapj\u00e1n v\u00e1lasztott\u00e1k a Expert Kft.-t?<\/strong><br \/>\nErvinhez k\u00e9t ismer\u0151s aj\u00e1nl\u00e1sa \u00fatj\u00e1n jutottunk el. Sz\u00e1munkra nagyon fontos volt, hogy olyan kivitelez\u0151t b\u00edzzunk meg az otthonunk meg\u00e9p\u00edt\u00e9s\u00e9vel, akiben megb\u00edzunk, nyugodtak lehet\u00fcnk, hogy azt kapjuk, annyi\u00e9rt \u00e9s akkorra, amiben megegyezt\u00fcnk. Az els\u0151 tal\u00e1lkoz\u00f3n 5 \u00f3r\u00e1n kereszt\u00fcl besz\u00e9lgett\u00fcnk \ud83d\ude42 &#8211; r\u00e9szletesen bemutatta, hogy \u00e9p\u00edtik a h\u00e1zakat \u2013 milyen technik\u00e1val, anyagokb\u00f3l \u2013 ez a fajta ny\u00edlts\u00e1g nagyon meggy\u0151z\u0151 volt.<\/p>\n<p style=\"text-align: justify;\"><strong>Mennyire befoly\u00e1solt\u00e1k \u00d6n\u00f6ket a d\u00f6nt\u00e9sben a c\u00e9g \u00e1ltal bemutatott referencia h\u00e1zak?<\/strong><br \/>\nA referencia h\u00e1zak sz\u00e9pek voltak, de ami a d\u00f6nt\u00e9s\u00fcnket igaz\u00e1n seg\u00edtette, az Ervinnel folytatott besz\u00e9lget\u00e9sek min\u0151s\u00e9ge \u00e9s az ismer\u0151seink aj\u00e1nl\u00e1sa. \u00c9s a keresztk\u00e9rd\u00e9seinkre is j\u00f3 v\u00e1laszokat adott \ud83d\ude42<\/p>\n<p style=\"text-align: justify;\"><strong>Mennyire voltak el\u00e9gedettek a c\u00e9g \u00e1ltal ny\u00fajtott kivitelez\u00e9ssel, illetve szolg\u00e1ltat\u00e1sokkal?<\/strong><br \/>\nEl\u00e9gedettek voltunk, mind a szakmai, mind a p\u00e9nz\u00fcgyi teljes\u00edt\u00e9ssel.<\/p>\n<p style=\"text-align: justify;\"><strong>Az elk\u00e9pzel\u00e9seiknek megfelel\u0151en zajlott a kivitelez\u00e9s?<\/strong><br \/>\nAnnak ellen\u00e9re, hogy az elej\u00e9t\u0151l fogva pontosan tudtuk, hogy mit szeretn\u00e9nk, voltak kisebb m\u00f3dos\u00edt\u00e1sok, amik a kivitelez\u0151 r\u00e9sz\u00e9r\u0151l rugalmasan \u00e9s seg\u00edt\u0151k\u00e9szen voltak kezelve. Itt is \u00e9rz\u0151d\u00f6tt, hogy a csapat fel van k\u00e9sz\u00fclve ezeknek a helyzeteknek a kezel\u00e9s\u00e9re.<\/p>\n<p style=\"text-align: justify;\"><strong>Az esetlegesen felmer\u00fcl\u0151 probl\u00e9m\u00e1k milyen m\u00f3don lettek megoldva?<\/strong><br \/>\nErvinn\u00e9l futottak \u00f6ssze a sz\u00e1lak, hab\u00e1r az egyes csapatok saj\u00e1t hat\u00e1sk\u00f6rben bizonyos szintig kezelt\u00e9k a felmer\u00fcl\u0151 probl\u00e9m\u00e1kat, ezen t\u00falmutat\u00f3 k\u00e9rd\u00e9sekben egy\u00e9rtelm\u0171en kommunik\u00e1lt\u00e1k fel\u00e9nk, ha valami\u00e9rt m\u00e1r Ervint be kellett vonni \u2013 \u0150 pedig mindig el\u0151\u00e1llt egy sz\u00e1munkra megnyugtat\u00f3 \u00f6tlettel.<\/p>\n<p style=\"text-align: justify;\"><strong>El\u00e9gedettek voltak a c\u00e9g csapatai \u00e9s a szakemberek munk\u00e1ival?<\/strong><br \/>\nSzembet\u0171n\u0151 volt, hogy \u00f6sszeszokott, r\u00e9g\u00f3ta egy\u00fctt dolgoz\u00f3 csapatok v\u00e9gezt\u00e9k a munk\u00e1t az \u00e9p\u00edtkez\u00e9sen, akik nem csak a min\u0151s\u00e9gre, de a rendre \u00e9s tisztas\u00e1gra is figyeltek. Ahol az egyik abbahagyta, ott a m\u00e1sik folytatta a munk\u00e1t z\u00f6kken\u0151mentesen, nem volt egym\u00e1sra mutogat\u00e1s.<\/p>\n<p style=\"text-align: justify;\"><strong>Mit tan\u00e1csoln\u00e1nak azoknak, akik h\u00e1z\u00e9p\u00edt\u00e9s el\u0151tt \u00e1llnak?<\/strong><br \/>\nHajr\u00e1, v\u00e1gjanak bele!<\/p>\n<p style=\"text-align: justify;\"><strong>Amit m\u00e9g el szeretn\u00e9nek mondani:<br \/>\nAz energiahat\u00e9konys\u00e1g tekintet\u00e9ben minden v\u00e1rakoz\u00e1sunkat fel\u00fcl m\u00falta a h\u00e1z az els\u0151 t\u00e9len, t\u00e9nylegesen \u00e9rezhet\u0151 a h\u00e1z t\u00e1jol\u00e1sa, a f\u0171t\u0151rendszer, a 44-es t\u00e9gla, az aljzat ill. f\u00f6d\u00e9m szigetel\u00e9s, valamint a h\u00e1rom-r\u00e9teg\u0171 \u00fcvegek j\u00f3t\u00e9kony hat\u00e1sa.<\/strong><\/p>\n<p><span class=\"left\"><a href=\"#top\">Ugr\u00e1s az oldal tetej\u00e9re<\/a><\/span><\/p>\n<hr>\n<h2 style=\"text-align: center;\">F\u00f6ldi csal\u00e1d<\/h2>\n<p><strong>Milyen m\u00f3don tal\u00e1ltak r\u00e1, \u00e9s milyen \u00e9rvek miatt d\u00f6nt\u00f6ttek az Expert Kft. mellett?<\/strong><br \/>\nAz Expert Kft.-t hosszas keresg\u00e9l\u00e9s ut\u00e1n tal\u00e1ltuk az interneten, k\u00f6r\u00fclbel\u00fcl 10 c\u00e9g aj\u00e1nlata k\u00f6z\u00fcl v\u00e1lasztottunk. M\u00e1r ebben az id\u0151szakban elhat\u00e1roztuk, hogy olyan c\u00e9get keres\u00fcnk, akik kulcsrak\u00e9sz h\u00e1z\u00e9p\u00edt\u00e9st, teljes k\u00f6r\u0171 kivitelez\u00e9st v\u00e1llalnak. A d\u00f6nt\u00e9s\u00fcnkben szerepet j\u00e1tszott, hogy a c\u00e9g min\u0151s\u00e9gi alapanyagokat haszn\u00e1l, ig\u00e9nyesek a referenciah\u00e1zaik, kedvez\u0151 az \u00e1r-\u00e9rt\u00e9k ar\u00e1ny, \u00e9s nem utols\u00f3 sorban a c\u00e9gvezet\u0151 figyelmess\u00e9ge, kedvess\u00e9ge, szakmai felk\u00e9sz\u00fclts\u00e9ge.<\/p>\n<p style=\"text-align: justify;\"><strong>Milyen elv\u00e1r\u00e1saik voltak \u00d6n\u00f6knek, amelyeknek meg kellett felelnie a kivitelez\u0151nek?<\/strong><br \/>\nSz\u00e1munkra fontos szempont volt a megb\u00edzhat\u00f3s\u00e1g, az, hogy egy elfogadhat\u00f3 finansz\u00edroz\u00e1si tervet dolgozott ki a c\u00e9g, amelyet az \u00e9p\u00edtkez\u00e9s v\u00e9g\u00e9ig tartani is tudott. Mindig az elv\u00e9gzett munka k\u00f6lts\u00e9geit kellett rendezn\u00fcnk, ez egyfajta biztons\u00e1got ny\u00fajtott sok m\u00e1s c\u00e9g \u00fczletpolitik\u00e1j\u00e1val szemben, ahol m\u00e1r az \u00fctemek el\u0151tt ki kell fizetni az anyagk\u00f6lts\u00e9get. Tov\u00e1bbi elv\u00e1r\u00e1s volt r\u00e9sz\u00fcnkr\u0151l, hogy a c\u00e9g seg\u00edtse a telekv\u00e1laszt\u00e1s folyamat\u00e1t \u00e9s a hivatali \u00fcgyint\u00e9z\u00e9st, felh\u00edvja a figyelmet a felmer\u00fcl\u0151 probl\u00e9m\u00e1kra, hi\u00e1nyoss\u00e1gokra, amiket a szakavatott szem k\u00f6nnyebben \u00e9szrevesz.<\/p>\n<p style=\"text-align: justify;\"><strong>Mi a v\u00e9lem\u00e9ny\u00fck a c\u00e9g \u00e1ltal ny\u00fajtott hozz\u00e1\u00e1ll\u00e1sr\u00f3l \u00e9s szolg\u00e1ltat\u00e1sr\u00f3l a kivitelez\u00e9s sor\u00e1n?<\/strong><br \/>\nA c\u00e9g r\u00e9sz\u00e9r\u0151l az \u00e9p\u00edtkez\u00e9s sor\u00e1n nagyfok\u00fa figyelmet tapasztaltunk, v\u00e9gig \u00e9rezt\u00fck azt, hogy a saj\u00e1t, egyedi elk\u00e9pzel\u00e9seink megval\u00f3s\u00edt\u00e1s\u00e1t seg\u00edtik. A c\u00e9g vezet\u0151je id\u0151t \u00e9s energi\u00e1t nem sajn\u00e1lva, ak\u00e1r k\u00e9s\u0151 este is, seg\u00edts\u00e9get ny\u00fajtott eg\u00e9szen a burkolatok kiv\u00e1laszt\u00e1s\u00e1t\u00f3l a falsz\u00ednekig. T\u00e1mogat\u00e1suknak k\u00f6sz\u00f6nhet\u0151en lakberendez\u0151 n\u00e9lk\u00fcl siker\u00fclt egy gy\u00f6ny\u00f6r\u0171 bels\u0151 teret kialak\u00edtani, az ismer\u0151s\u00f6kt\u0151l az\u00f3ta is sok dics\u00e9r\u0151 sz\u00f3t kapunk, az utc\u00e1n pedig gyakran megsz\u00f3l\u00edtanak a j\u00e1r\u00f3kel\u0151k, hogy \u00e9rdekl\u0151djenek a c\u00e9g fel\u0151l. Az Expert Kft. munkat\u00e1rsai fiatalos, lend\u00fcletes, motiv\u00e1lt csapatot alkotnak, akikkel \u00f6r\u00f6m volt egy\u00fcttm\u0171k\u00f6dni.<\/p>\n<p style=\"text-align: justify;\"><strong>Mennyire voltak megel\u00e9gedve a c\u00e9g kivitelez\u0151 csapataival \u00e9s annak szakembereivel?<\/strong><br \/>\nMaxim\u00e1lisan meg voltunk el\u00e9gedve a c\u00e9g kivitelez\u0151 csapataival. A szakemberek pontosan, ig\u00e9nyesen dolgoztak, egy\u00e9ni k\u00e9r\u00e9seinket figyelembe vett\u00e9k. Sz\u00e1munkra az is nagyon fontos volt, hogy az \u00e9p\u00edtkez\u00e9s teljes ideje alatt mindig tiszta, rendezett k\u00f6rnyezetet hagytak maguk ut\u00e1n, a k\u00f6rny\u00e9kbeli \u00e9p\u00edtkez\u00e9sekt\u0151l elt\u00e9r\u0151en nem hevertek m\u0171anyag flakonok, szemetek minden\u00fctt.<\/p>\n<p style=\"text-align: justify;\"><strong>A kivitelez\u00e9s sor\u00e1n felmer\u00fcltek-e v\u00e1ratlan probl\u00e9m\u00e1k \u00e9s az \u00d6n\u00f6k elv\u00e1r\u00e1sainak megfelel\u0151en lettek azok megoldva?<\/strong><br \/>\nApr\u00f3bb probl\u00e9m\u00e1k felmer\u00fcltek, a hat\u00e1rid\u0151k tekintet\u00e9ben voltak kisebb cs\u00fasz\u00e1sok, de minden esetben tal\u00e1ltunk megold\u00e1st. \u00dagy gondoljuk, nagyon fontos, hogy az esetlegesen felmer\u00fcl\u0151 probl\u00e9m\u00e1kr\u00f3l tudjunk \u0151szint\u00e9n besz\u00e9lni, hiszen ez vezet el azok min\u00e9l ink\u00e1bb konstrukt\u00edv megold\u00e1s\u00e1hoz. Ez v\u00e9lem\u00e9ny\u00fcnk szerint minden esetben meg is val\u00f3sult, Ervin\u00e9k rugalmas hozz\u00e1\u00e1ll\u00e1s\u00e1t ez\u00faton is k\u00f6sz\u00f6nj\u00fck!<\/p>\n<p style=\"text-align: justify;\"><strong>Mit javasolnak azoknak, akik most szeretn\u00e9nek h\u00e1z\u00e9p\u00edt\u00e9sbe fogni?<\/strong><br \/>\nNem kell f\u00e9lni az \u00e9p\u00edtkez\u00e9st\u0151l, ha a megfelel\u0151 emberek \u00e9p\u00edtik a h\u00e1zunkat \ud83d\ude42 A rokonok \u00e9s ismer\u0151s\u00f6k \u00e9p\u00edtkez\u00e9sekr\u0151l sz\u00f3l\u00f3 r\u00e9mt\u00f6rt\u00e9neteit nem \u00e9rdemes alapul venni! Fantasztikus \u00e9rz\u00e9s, hogy amikor bel\u00e9p\u00fcnk az \u00e1ltalunk meg\u00e1lmodott h\u00e1zba, ezt az \u00e9lm\u00e9nyt egyetlen lak\u00e1s vagy k\u00e9szen v\u00e1s\u00e1rolt h\u00e1z sem tudja visszaadni!<\/p>\n<p style=\"text-align: justify;\"><strong>Amit m\u00e9g el szeretn\u00e9nek mondani:<br \/>\nHab\u00e1r nagyon szeretj\u00fck az otthonunkat, ha m\u00e9g egyszer a j\u00f6v\u0151ben \u00e9p\u00edtkez\u00e9sre adn\u00e1nk a fej\u00fcnket, term\u00e9szetesen az Expert Kft.-vel val\u00f3s\u00edtan\u00e1nk meg \u00fajabb \u00e1lmainkat.<\/strong><\/p>\n<p><span class=\"left\"><a href=\"#top\">Ugr\u00e1s az oldal tetej\u00e9re<\/a><\/span><\/p>\n<hr>\n<h2 style=\"text-align: center;\">Sas csal\u00e1d<\/h2>\n<p style=\"text-align: justify;\"><strong>Milyen m\u00f3don tal\u00e1ltak r\u00e1, \u00e9s milyen \u00e9rvek miatt d\u00f6nt\u00f6ttek az Expert Kft. mellett?<\/strong><br \/>\nIsmerj\u00fck az egyik csal\u00e1dot, akinek az Expert \u00e9p\u00edtett kor\u00e1bban. Elment\u00fcnk hozz\u00e1juk, megn\u00e9zt\u00fck a h\u00e1zat, elmondt\u00e1k, hogyan folyt az \u00e9p\u00edtkez\u00e9s \u00e9s meggy\u0151z\u00f6tt benn\u00fcnket.<\/p>\n<p style=\"text-align: justify;\"><strong>Milyen elv\u00e1r\u00e1saik voltak \u00d6n\u00f6knek, amelyeknek meg kellett felelnie a kivitelez\u0151nek?<\/strong><br \/>\npontoss\u00e1g, precizit\u00e1s, rugalmass\u00e1g, seg\u00edt\u0151k\u00e9szs\u00e9g, v\u00e1llal\u00e1si d\u00edj tart\u00e1sa<\/p>\n<p style=\"text-align: justify;\"><strong>Mi a v\u00e9lem\u00e9ny\u00fck a c\u00e9g \u00e1ltal ny\u00fajtott hozz\u00e1\u00e1ll\u00e1sr\u00f3l \u00e9s szolg\u00e1ltat\u00e1sr\u00f3l a kivitelez\u00e9s sor\u00e1n?<\/strong><br \/>\nA 2. k\u00e9rd\u00e9sre adott v\u00e1laszok szerencs\u00e9re mind teljes\u00fcltek, el\u00e9gedettek voltunk a szolg\u00e1ltat\u00e1ssal.<\/p>\n<p style=\"text-align: justify;\"><strong>Mennyire voltak megel\u00e9gedve a c\u00e9g kivitelez\u0151 csapataival \u00e9s annak szakembereivel?<\/strong><br \/>\n\u00e1tlagon fel\u00fclinek mondhat\u00f3 minden csapat, k\u00fcl\u00f6n\u00f6sen a sz\u00ednez\u0151k, a fest\u0151k, a vizesek<\/p>\n<p style=\"text-align: justify;\"><strong>A kivitelez\u00e9s sor\u00e1n felmer\u00fcltek-e v\u00e1ratlan probl\u00e9m\u00e1k \u00e9s az \u00d6n\u00f6k elv\u00e1r\u00e1sainak megfelel\u0151en lettek azok megoldva?<\/strong><br \/>\nV\u00e9lem\u00e9ny\u00fcnk szerint nincs olyan kivitelez\u00e9s, ahol ne mer\u00fclne fel v\u00e1ratlan probl\u00e9ma. N\u00e1lunk is volt (pl.: ajt\u00f3 ny\u00edl\u00e1sir\u00e1ny ford\u00edt\u00e1sa, komplett \u00fcvegez\u00e9s csere), de mind viszonylag gyorsan meg lett oldva.<\/p>\n<p style=\"text-align: justify;\"><strong>Mit javasolnak azoknak, akik most szeretn\u00e9nek h\u00e1z\u00e9p\u00edt\u00e9sbe fogni?<\/strong><br \/>\nN\u00e9zzenek meg t\u00f6bb \u00fajonnan \u00e9p\u00fclt h\u00e1zat, ahol m\u00e1r esetleg laknak is p\u00e1r h\u00f3napja \u00e9s k\u00e9rdezz\u00e9k meg a lak\u00f3kat, hogy mit csin\u00e1ln\u00e1nak m\u00e1sk\u00e9pp. Sok mindenre f\u00e9ny der\u00fcl egy f\u00e9l\u00f3r\u00e1s besz\u00e9lget\u00e9sb\u0151l. Nek\u00fcnk szerencs\u00e9re n\u00e9h\u00e1ny apr\u00f3s\u00e1g van csak, nem is eml\u00edt\u00e9sre m\u00e9lt\u00f3.<\/p>\n<p style=\"text-align: justify;\"><strong>Amit m\u00e9g el szeretn\u00e9nek mondani:<br \/>\nSzeret\u00fcnk az \u00faj otthonunkban \u00e9lni! \ud83d\ude42<\/strong><\/p>\n<p><span class=\"left\"><a href=\"#top\">Ugr\u00e1s az oldal tetej\u00e9re<\/a><\/span><\/p>\n<hr>\n<h2 style=\"text-align: center;\">Hossz\u00fa h\u00e1z &#8211; Vass csal\u00e1d<\/h2>\n<p style=\"text-align: justify;\"><img loading=\"lazy\" class=\"aligncenter\" src=\"\/content\/uf_vass.png\" alt=\"\" width=\"200\" height=\"200\"><strong>Milyen m\u00f3don tal\u00e1ltak r\u00e1, \u00e9s milyen \u00e9rvek miatt d\u00f6nt\u00f6ttek az Expert Kft. mellett?<\/strong><br \/>\nIsmer\u0151s aj\u00e1nl\u00e1sa.<\/p>\n<p style=\"text-align: justify;\"><strong>Milyen elv\u00e1r\u00e1saik voltak \u00d6n\u00f6knek, amelyeknek meg kellett feleljen a kivitelez\u0151?<\/strong><br \/>\nA kiviteli tervnek megfelel\u0151 magas sz\u00ednvonal\u00fa, hat\u00e1rid\u0151ben elv\u00e9gzett, pontos, korrekt munka, a k\u00f6lts\u00e9gek tart\u00e1sa mellett! Az elsz\u00e1mol\u00e1s korrekts\u00e9ge.<\/p>\n<p style=\"text-align: justify;\"><strong>Mi a v\u00e9lem\u00e9ny\u00fck a c\u00e9g \u00e1ltal ny\u00fajtott hozz\u00e1\u00e1ll\u00e1sr\u00f3l \u00e9s szolg\u00e1ltat\u00e1sr\u00f3l a kivitelez\u00e9s sor\u00e1n?<\/strong><br \/>\nA hozz\u00e1\u00e1ll\u00e1s p\u00e9ldaszer\u0171 volt, a kivitelez\u00e9s sz\u00ednvonala \u00e9s az elsz\u00e1mol\u00e1s korrekt!<\/p>\n<p style=\"text-align: justify;\"><strong>Mennyire voltak megel\u00e9gedve a c\u00e9g kivitelez\u0151 csapat\u00e1val \u00e9s annak szakembereivel?<\/strong><br \/>\nA csapat egyes tagjaival kiv\u00e1l\u00f3an meg voltunk el\u00e9gedve, a t\u00f6bbiekkel is el\u00e9gedettek voltunk, kiv\u00e9ve a villanyszerel\u0151vel, akivel neh\u00e9zkes volt a kommunik\u00e1ci\u00f3, a k\u00e9sz term\u00e9k \u00e1tad\u00e1s\u00e1n\u00e1l sem kaptunk megfelel\u0151 inform\u00e1ci\u00f3t a ki\u00e9p\u00edtett rendszerr\u0151l.<\/p>\n<p style=\"text-align: justify;\"><strong>A kivitelez\u00e9s sor\u00e1n felmer\u00fcltek-e v\u00e1ratlan probl\u00e9m\u00e1k? Az \u00d6n\u00f6k elv\u00e1r\u00e1sainak megfelel\u0151en lettek azok megoldva?<\/strong><br \/>\nIgen, mindig seg\u00edt\u0151k\u00e9sz, gyors megold\u00e1st kaptunk.<\/p>\n<p style=\"text-align: justify;\"><strong>Mit javasolnak azoknak, akik most szeretn\u00e9nek h\u00e1z\u00e9p\u00edt\u00e9sbe fogni?<\/strong><br \/>\nFelt\u00e9tlen\u00fcl javasoljuk a c\u00e9get!<\/p>\n<p style=\"text-align: justify;\"><strong>Amit m\u00e9g el szeretn\u00e9nek mondani:<br \/>\nNagyon k\u00f6sz\u00f6nj\u00fck a sikeres munk\u00e1t!<\/strong><\/p>\n<p><span class=\"left\"><a href=\"#top\">Ugr\u00e1s az oldal tetej\u00e9re<\/a><\/span><\/p>\n<hr>\n<h2 style=\"text-align: center;\">Ivancs\u00f3 csal\u00e1d<\/h2>\n<p style=\"text-align: justify;\"><img loading=\"lazy\" class=\"aligncenter\" src=\"\/content\/uf_ivancso.png\" alt=\"\" width=\"200\" height=\"200\"><strong>Milyen m\u00f3don tal\u00e1ltak r\u00e1 az Expert Kft.-re ?<\/strong><br \/>\nP\u00e1r \u00e9vvel ezel\u0151tt egy \u00e9p\u00fcl\u0151 h\u00e1zat n\u00e9zt\u00fck meg, \u00e9s akkor tal\u00e1lkoztunk el\u0151sz\u00f6r Ervinnel. A v\u00e1s\u00e1rl\u00e1s nem val\u00f3sult meg, de m\u00e1r akkor eld\u00f6nt\u00f6tt\u00fck, hogy ha a k\u00e9s\u0151bbiekben aktu\u00e1lis lesz a dolog, mindenk\u00e9ppen keresni fogjuk majd. Azt\u00e1n 2013-ban, mikor elhat\u00e1roztuk, hogy \u00e9p\u00edtkezni fogunk, \u00fajra felvett\u00fck Ervinnel a kapcsolatot, \u00e9s megkezd\u0151d\u00f6tt az egy\u00fcttm\u0171k\u00f6d\u00e9s.<\/p>\n<p style=\"text-align: justify;\"><strong>Milyen benyom\u00e1st keltett \u00d6n\u00f6kben a c\u00e9g \u00e9s a kivitelez\u0151 az els\u0151 tal\u00e1lkoz\u00e1skor?<\/strong><br \/>\nMagabiztoss\u00e1g, felk\u00e9sz\u00fclts\u00e9g, pontoss\u00e1g, prec\u00edzs\u00e9g, stb. csupa ilyen szavak jutnak esz\u00fcnkbe. Seg\u00edt\u0151k\u00e9sz volt minden esetben, m\u00e1r a telek v\u00e1s\u00e1rl\u00e1s\u00e1t megel\u0151z\u0151en is kik\u00e9rt\u00fck a v\u00e9lem\u00e9ny\u00fcket. Lehet\u0151s\u00e9get biztos\u00edtott kor\u00e1bban elk\u00e9sz\u00fclt h\u00e1zak, illetve folyamatban l\u00e9v\u0151 \u00e9p\u00edtkez\u00e9sek megtekint\u00e9s\u00e9re, ami seg\u00edts\u00e9get ny\u00fajtott a k\u00e9s\u0151bbi tervez\u00e9s majd a kivitelez\u00e9s sor\u00e1n. Bizalmunk csak er\u0151s\u00f6d\u00f6tt, mikor az elk\u00e9sz\u00fclt vagy \u00e9ppen \u00e9p\u00fcl\u0151 h\u00e1zak tulajdonosai, r\u00e9gi, j\u00f3 bar\u00e1tk\u00e9nt \u00fcdv\u00f6z\u00f6lt\u00e9k Ervint, \u00e9s nem szakadt meg k\u00f6zt\u00fck a kapcsolat a munk\u00e1k lez\u00e1r\u00e1sa ut\u00e1n sem.<\/p>\n<p style=\"text-align: justify;\"><strong>T\u00e9nylegesen azt kapt\u00e1k, amit a referencia munk\u00e1k bemutat\u00e1sa \u00e9s a szerz\u0151d\u00e9sben le\u00edrtak alapj\u00e1n v\u00e1rtak?<\/strong><br \/>\nIgen, mind kivitelez\u00e9sben mind min\u0151s\u00e9gben megfelel\u0151 minden.<\/p>\n<p style=\"text-align: justify;\"><strong>A kivitelez\u00e9s sor\u00e1n felmer\u00fcl\u0151 probl\u00e9m\u00e1k \u00e9s a k\u00f6zben k\u00e9rt v\u00e1ltoztat\u00e1sok folyam\u00e1n, milyen hozz\u00e1\u00e1ll\u00e1st tapasztaltak a c\u00e9gvezet\u0151 \u00e9s a szakemberei r\u00e9sz\u00e9r\u0151l?<\/strong><br \/>\nMaxim\u00e1lisan partnerek voltak, a felmer\u00fclt v\u00e1ltoztat\u00e1si ig\u00e9nyeket elfogadt\u00e1k, a megval\u00f3s\u00edt\u00e1sban, \u00e9s a tervez\u00e9sben partner volt a c\u00e9g, \u00e9s szakemberek is. Minden esetben kik\u00e9rt\u00fck a v\u00e9lem\u00e9ny\u00fcket, tapasztalataikat, miel\u0151tt a v\u00e9gs\u0151 d\u00f6nt\u00e9st meghoztuk.<\/p>\n<p style=\"text-align: justify;\"><strong>Mennyire tal\u00e1lj\u00e1k c\u00e9g\u00fcnket teljes k\u00f6r\u0171 szolg\u00e1ltat\u00f3nak?<\/strong><br \/>\n100 sz\u00e1zal\u00e9kig. A tervez\u00e9st\u0151l, a kulcsrak\u00e9sz \u00e1tad\u00e1sig minden munk\u00e1t megoldanak, legyen sz\u00f3 ak\u00e1r hivatali \u00fcgyint\u00e9z\u00e9sr\u0151l ak\u00e1r konkr\u00e9t kivitelez\u00e9si feladatr\u00f3l.<\/p>\n<p style=\"text-align: justify;\"><strong>Mit tan\u00e1csolnak azoknak, akiknek ugyanazt a d\u00f6nt\u00e9st kell meghozniuk most, mint \u00d6n\u00f6knek a kivitelez\u00e9s el\u0151tt?<\/strong><br \/>\nNe keresg\u00e9ljenek sok\u00e1ig kivitelez\u0151t, mert az Expert Kft. lesz megold\u00e1s, ha tervez\u00e9sr\u0151l, \u00e9p\u00edtkez\u00e9sr\u0151l van sz\u00f3.<\/p>\n<p style=\"text-align: justify;\"><strong>Amit m\u00e9g el szeretn\u00e9nek mondani:<br \/>\nHa most el\u00f6lr\u0151l kellene kezden\u00fcnk az eg\u00e9sz \u00e9p\u00edtkez\u00e9ssel j\u00e1r\u00f3 proced\u00far\u00e1t, akkor is az Expert Kft.-t v\u00e1lasztan\u00e1nk, \u00e9s szerint\u00fcnk ebben minden benne van! Ez\u00faton is k\u00f6sz\u00f6nj\u00fck az eg\u00e9sz csapat profi munk\u00e1j\u00e1t!<\/strong><\/p>\n<p><span class=\"left\"><a href=\"#top\">Ugr\u00e1s az oldal tetej\u00e9re<\/a><\/span><\/p>\n<hr>\n<h2 style=\"text-align: center;\">Fazekas csal\u00e1d<\/h2>\n<p style=\"text-align: justify;\"><strong>Milyen m\u00f3don tal\u00e1ltak r\u00e1, \u00e9s milyen \u00e9rvek miatt d\u00f6nt\u00f6ttek az Expert Kft. mellett?<\/strong><br \/>\nA c\u00e9g egy volt munkat\u00e1rsa mes\u00e9lt sokat a kivitelez\u00e9sek min\u0151s\u00e9g\u00e9r\u0151l \u00e9s hat\u00e9konys\u00e1g\u00e1r\u00f3l, \u00edgy mondhatni bels\u0151s inform\u00e1ci\u00f3kkal rendelkezve egy\u00e9rtelm\u0171 volt az Expert Kft. v\u00e1laszt\u00e1sa. Fontos \u00e9rv volt m\u00e9g a korrekt \u00e1rk\u00e9pz\u00e9s \u00e9s az, hogy amely \u00e9p\u00edt\u0151ipari c\u00e9g a mai v\u00e1ls\u00e1gk\u00f6r\u00fclm\u00e9nyek k\u00f6z\u00f6tt nem ment t\u00f6nkre \u00e9s m\u00e9ghozz\u00e1 annyi megrendel\u00e9se van, hogy m\u00e1r alig tudja az ig\u00e9nyeket kiel\u00e9g\u00edteni, az csak j\u00f3t jelenthet.<\/p>\n<p style=\"text-align: justify;\"><strong>Milyen elv\u00e1r\u00e1saik voltak \u00d6n\u00f6knek, amelyeknek meg kellett feleljen a kivitelez\u0151?<\/strong><br \/>\nMagas min\u0151s\u00e9g, k\u00e9r\u00e9seink figyelembe v\u00e9tele, az \u00e9p\u00edtkez\u00e9shez kapcsol\u00f3d\u00f3 adminisztrat\u00edv terhek \u00e1tv\u00e1llal\u00e1sa<\/p>\n<p style=\"text-align: justify;\"><strong>Mi a v\u00e9lem\u00e9ny\u00fck a c\u00e9g \u00e1ltal ny\u00fajtott hozz\u00e1\u00e1ll\u00e1sr\u00f3l \u00e9s szolg\u00e1ltat\u00e1sr\u00f3l a kivitelez\u00e9s sor\u00e1n?<\/strong><br \/>\nA kivitelez\u00e9s sor\u00e1n tapasztaltak csak meger\u0151s\u00edtett\u00e9k a kor\u00e1bbi inform\u00e1ci\u00f3inkat, az adminisztrat\u00edv feladatok \u00e1tv\u00e1llal\u00e1sa pedig mind id\u0151, mind anyagi r\u00e1ford\u00edt\u00e1s tekintet\u00e9ben jelent\u0151s terhet vett le csal\u00e1dunk v\u00e1ll\u00e1r\u00f3l. A folyamatos \u00e9s k\u00e9tir\u00e1ny\u00fa kapcsolattart\u00e1si lehet\u0151s\u00e9g, valamint az, hogy tisztess\u00e9ges \u2013 nem kifog\u00e1st keres\u0151 &#8211; t\u00e1j\u00e9koztat\u00e1st kaptunk az esetleges cs\u00fasz\u00e1sok ok\u00e1r\u00f3l, nem jellemz\u0151 haz\u00e1nk \u00e9p\u00edt\u0151ipar\u00e1ra.<\/p>\n<p style=\"text-align: justify;\"><strong>Mennyire voltak megel\u00e9gedve a c\u00e9g kivitelez\u0151 csapat\u00e1val \u00e9s annak szakembereivel?<\/strong><br \/>\nMind a tervez\u00e9s, mind a kivitelez\u00e9s sor\u00e1n olyan hozz\u00e1\u00e9rt\u00e9st tapasztaltunk, amely orsz\u00e1gunkban ritka. Emellett az m\u00e1r csak hab a tort\u00e1n, hogy a kivitelez\u00e9s k\u00f6zben nem csak szok\u00e1sos m\u00f3don a kivitelez\u0151 \u00e9rdekei, hanem a megrendel\u0151 \u00e9rdekei is fontosnak min\u0151s\u00fcltek. Az a t\u00e9ny pedig, hogy a k\u00e9s\u0151bbiekben m\u0171k\u00f6dtet\u00e9si probl\u00e9m\u00e1khoz is vezethet\u0151 \u00e1lmaink vonatkoz\u00e1s\u00e1ban Ervin\u00e9k jelezt\u00e9k a re\u00e1lisan megval\u00f3s\u00edthat\u00f3 dolgokat \u2013 \u00e9s nem is engedtek azokb\u00f3l &#8211; annak \u00e9rdek\u00e9ben, hogy \u00e9vek m\u00falt\u00e1n is \u00e9lhet\u0151 legyen az otthonunk \u2013 \u00edgy ut\u00f3lag visszatekintve \u2013 meg\u00e9rte az \u00e1r\u00e1t.<\/p>\n<p style=\"text-align: justify;\"><strong>A kivitelez\u00e9s sor\u00e1n felmer\u00fcltek-e v\u00e1ratlan probl\u00e9m\u00e1k? Az \u00d6n\u00f6k elv\u00e1r\u00e1sainak megfelel\u0151en lettek azok megoldva?<\/strong><br \/>\nN\u00e9h\u00e1ny esetben a megrendelt \u00e9p\u00edt\u0151anyag meg\u00e9rkez\u00e9se (t\u00e9gla, cser\u00e9p) k\u00e9sett, de ezen, gy\u00e1rt\u00f3knak felr\u00f3hat\u00f3 probl\u00e9m\u00e1kat a kivitelez\u0151 minden esetben \u00e1thidalta, \u00e9rdemi cs\u00fasz\u00e1st \u00edgy nem okoztak az \u00e9p\u00edtkez\u00e9s sor\u00e1n.<br \/>\nAz \u00e9p\u00edt\u00e9si enged\u00e9ly \u00e9s a haszn\u00e1latba v\u00e9teli enged\u00e9ly kiad\u00e1sa ter\u00e9n az \u00e9rtelmetlen hivatali pack\u00e1z\u00e1s eset\u00fcnkben sem maradt el, azonban a kivitelez\u0151 oroszl\u00e1nk\u00e9nt k\u00fczd\u00f6tt a pap\u00edrok megszerz\u00e9se \u00e9rdek\u00e9ben.<\/p>\n<p style=\"text-align: justify;\"><strong>Mit javasolnak azoknak, akik most szeretn\u00e9nek h\u00e1z\u00e9p\u00edt\u00e9sbe fogni?<\/strong><br \/>\nMindenk\u00e9ppen fogadj\u00e1k el a tervez\u0151 (lehet\u0151leg Csizmadia Zolt\u00e1n) javaslatait, mivel az \u00e1lmok \u00e9s az \u00e9lhet\u0151, illetve m\u0171k\u00f6dtethet\u0151 val\u00f3s\u00e1g k\u00f6z\u00f6tti keskeny mezsgye megtal\u00e1l\u00e1sa csak a t\u00f6bb sz\u00e1z lak\u00e1s tervez\u00e9se sor\u00e1n kikrist\u00e1lyosodott tapasztalat megl\u00e9te mellett lehets\u00e9ges. A mi elk\u00e9pzel\u00e9s\u00fcnket is addig form\u00e1zta Csizi, ameddig r\u00e1 nem j\u00f6tt\u00fcnk, val\u00f3j\u00e1ban a v\u00e9gleges v\u00e1ltozatot szerett\u00fck volna, csak az addig nem jutott az esz\u00fcnkbe.<br \/>\nMindenki re\u00e1lisan vizsg\u00e1lja meg anyagi kereteit, csak akkora \u00e9s olyan h\u00e1zat \u00e9p\u00edttessen, mely elegend\u0151 lesz csal\u00e1dja r\u00e9sz\u00e9re, illetve a k\u00e9s\u0151bbiekben m\u00e9retei folyt\u00e1n nem lesz forgalomk\u00e9ptelen, nehezen \u00e9rt\u00e9kes\u00edthet\u0151.<\/p>\n<p><span class=\"left\"><a href=\"#top\">Ugr\u00e1s az oldal tetej\u00e9re<\/a><\/span><\/p>\n<hr>\n<h2 style=\"text-align: center;\">K\u00e1llay csal\u00e1d<\/h2>\n<p style=\"text-align: justify;\"><img loading=\"lazy\" class=\"aligncenter\" src=\"\/content\/uf_kallay.png\" alt=\"\" width=\"200\" height=\"200\"><strong>Mi alapj\u00e1n v\u00e1lasztott\u00e1k az Expert Kft.-t?<\/strong><br \/>\nAz egyik \u00e9p\u00edtkez\u00e9sen megl\u00e1ttuk a c\u00e9g molin\u00f3j\u00e1t. Olyan h\u00e1zat szerett\u00fcnk volna \u00e9p\u00edttetni, amely min\u0151s\u00e9gi anyagokb\u00f3l k\u00e9sz\u00fcl.<\/p>\n<p style=\"text-align: justify;\"><strong>Mennyire befoly\u00e1solt\u00e1k \u00d6n\u00f6ket a d\u00f6nt\u00e9sben a c\u00e9g \u00e1ltal bemutatott referenci\u00e1k?<\/strong><br \/>\nHasznos volt l\u00e1tni a folyamatban lev\u0151 \u00e9p\u00edtkez\u00e9sekn\u00e9l a min\u0151s\u00e9gi anyagokat \u00e9s a prec\u00edz kivitelez\u00e9st.<\/p>\n<p style=\"text-align: justify;\"><strong>Mennyire voltak el\u00e9gedettek a c\u00e9g \u00e1ltal ny\u00fajtott kivitelez\u00e9ssel, illetve szolg\u00e1ltat\u00e1sokkal?<\/strong><br \/>\nA sz\u00ednvonalas munk\u00e1nak \u00e9s Ervin t\u00f6k\u00e9letess\u00e9gre val\u00f3 t\u00f6rekv\u00e9s\u00e9nek k\u00f6sz\u00f6nhet\u0151en nem \u00e9rt minket csal\u00f3d\u00e1s.<\/p>\n<p style=\"text-align: justify;\"><strong>Az elk\u00e9pzel\u00e9seiknek megfelel\u0151en zajlott a kivitelez\u00e9s?<\/strong><br \/>\nA k\u00fcls\u0151s tervek \u00e9s a megval\u00f3s\u00edt\u00e1s k\u00f6z\u00f6tt apr\u00f3bb elt\u00e9r\u00e9sek voltak. Ezek el\u0151zetes \u00e1tbesz\u00e9l\u00e9s\u00e9t k\u00f6vet\u0151en a megold\u00e1sokkal el\u00e9gedettek vagyunk.<\/p>\n<p style=\"text-align: justify;\"><strong>Az esetlegesen felmer\u00fcl\u0151 probl\u00e9m\u00e1k milyen m\u00f3don lettek megoldva?<\/strong><br \/>\nA c\u00e9g profizmusa, Ervin lelkes hozz\u00e1\u00e1ll\u00e1sa \u00e9s konstruktivit\u00e1sa sokat lend\u00edtett a probl\u00e9m\u00e1k k\u00f6z\u00f6s megold\u00e1s\u00e1ban.<\/p>\n<p style=\"text-align: justify;\"><strong>El\u00e9gedettek voltak a c\u00e9g csapata \u00e9s a szakemberek munk\u00e1ival?<\/strong><br \/>\nApr\u00f3bb probl\u00e9m\u00e1k mindig ad\u00f3dtak, amiket azt\u00e1n k\u00f6z\u00f6sen megoldottunk.N\u00e9h\u00e1ny mester kimagasl\u00f3an teljes\u00edtett, n\u00e9h\u00e1ny pedig hozta a k\u00f6telez\u0151t, de mivel ez csapatmunka, \u00f6sszess\u00e9g\u00e9ben el\u00e9gedettek voltunk a szakemberek munk\u00e1j\u00e1val.<\/p>\n<p style=\"text-align: justify;\"><strong>Mit tan\u00e1csoln\u00e1nak azoknak, akik h\u00e1z\u00e9p\u00edt\u00e9s el\u0151tt \u00e1llnak?<\/strong><br \/>\nAkik nem \u00e9rtenek az \u00e9p\u00edtkez\u00e9shez, \u00e9s idej\u00fck sincs abban elm\u00e9ly\u00fclni m\u00e9g elm\u00e9leti szinten sem, olyan kivitelez\u0151t v\u00e1lasszanak, akiben maxim\u00e1lisan megb\u00edznak. Neh\u00e9z el\u0151re l\u00e1tni, \u00e9s a megfelel\u0151 c\u00e9get megtal\u00e1lni, m\u00e9g akkor is, ha az els\u0151 besz\u00e9lget\u00e9sek, referenci\u00e1k meggy\u0151z\u0151ek. Mi v\u00e9g\u00fcl meg\u00e9rz\u00e9sb\u0151l d\u00f6nt\u00f6tt\u00fcnk, \u00e9rezt\u00fck a lelkesed\u00e9st, a maximalizmust \u00e9s a nagyvonal\u00fas\u00e1got a kivitelez\u0151n\u00e9l.<\/p>\n<p style=\"text-align: justify;\"><strong>Amit m\u00e9g el szeretn\u00e9nek mondani:<br \/>\nHa visszatekint\u00fcnk, csak egyetlen dolgon v\u00e1ltoztatn\u00e1nk: a h\u00e1z tervez\u00e9s\u00e9t is a kivitelez\u0151re b\u00edzn\u00e1nk. K\u00f6zel egy \u00e9ve \u00e9l\u00fcnk itt, semmilyen probl\u00e9m\u00e1nk nem ad\u00f3dott, azt kaptuk, amit szerett\u00fcnk volna.<\/strong><\/p>\n<p><span class=\"left\"><a href=\"#top\">Ugr\u00e1s az oldal tetej\u00e9re<\/a><\/span><\/p>\n<hr>\n<h2 style=\"text-align: center;\">Baki csal\u00e1d<\/h2>\n<p style=\"text-align: justify;\"><img loading=\"lazy\" class=\"aligncenter\" src=\"\/content\/uf_baki.png\" alt=\"\" width=\"200\" height=\"200\"><strong>Milyen m\u00f3don tal\u00e1ltak r\u00e1 az Expert Kft.-re ?<\/strong><br \/>\nEls\u0151dlegesen Saj\u00e1t Tibor (G\u00f6d\u00f6ll\u0151 ingatlank\u00f6zpont), \u00e9s egy \u00e1ltala bemutatott h\u00e1z tulajdonos\u00e1nak (G\u00f6d\u00f6ll\u0151 Antalhegy) aj\u00e1nl\u00e1sa alapj\u00e1n.<\/p>\n<p style=\"text-align: justify;\"><strong>Milyen benyom\u00e1st keltett \u00d6n\u00f6kben a c\u00e9g \u00e9s a kivitelez\u0151 az els\u0151 tal\u00e1lkoz\u00e1skor?<\/strong><br \/>\nEls\u0151 tal\u00e1lkoz\u00e1sra, illetve egyeztet\u00e9sre a telek v\u00e1s\u00e1rl\u00e1s\u00e1t megel\u0151z\u0151en ker\u00fclt sor. Ervin seg\u00edt\u0151k\u00e9sz volt. Felaj\u00e1nlotta seg\u00edts\u00e9get a telek v\u00e1s\u00e1rl\u00e1s\u00e1val, tervez\u00e9ssel kapcsolatban is. Lehet\u0151s\u00e9get biztos\u00edtott kor\u00e1bban elk\u00e9sz\u00fclt h\u00e1zak, illetve folyamatban l\u00e9v\u0151 \u00e9p\u00edtkez\u00e9sek megtekint\u00e9s\u00e9re.<\/p>\n<p style=\"text-align: justify;\"><strong>T\u00e9nylegesen azt kapt\u00e1k, amit a referencia munk\u00e1k bemutat\u00e1sa \u00e9s a szerz\u0151d\u00e9sben le\u00edrtak alapj\u00e1n v\u00e1rtak?<\/strong><br \/>\nA h\u00e1z a megbesz\u00e9lt id\u0151re k\u00e9sz\u00fclt el a kor\u00e1bban egyeztetett m\u0171szaki tartalommal, min\u0151s\u00e9gben \u00e9s \u00e1ron.<\/p>\n<p style=\"text-align: justify;\"><strong>A kivitelez\u00e9s sor\u00e1n felmer\u00fcl\u0151 probl\u00e9m\u00e1k \u00e9s a k\u00f6zben k\u00e9rt v\u00e1ltoztat\u00e1sok folyam\u00e1n, milyen hozz\u00e1\u00e1ll\u00e1st tapasztaltak a c\u00e9gvezet\u0151 \u00e9s a szakemberei r\u00e9sz\u00e9r\u0151l?<\/strong><br \/>\nAz \u00e9p\u00edtkez\u00e9s sor\u00e1n felmer\u00fclt v\u00e1ltoztat\u00e1si ig\u00e9nyeket elfogadta, megval\u00f3s\u00edt\u00e1sban, \u00e9s tervez\u00e9sben partner volt a c\u00e9g, \u00e9s az \u00f6sszes kivitelez\u00e9si partner.<\/p>\n<p style=\"text-align: justify;\"><strong>Mennyire tal\u00e1lj\u00e1k c\u00e9g\u00fcnket teljes k\u00f6r\u0171 szolg\u00e1ltat\u00f3nak?<\/strong><br \/>\nA c\u00e9g k\u00e9pes a tervez\u00e9st\u0151l az \u00e1tad\u00e1sig minden munk\u00e1t elv\u00e9gezni, minden felmer\u00fcl\u0151 probl\u00e9m\u00e1t megoldani.<\/p>\n<p style=\"text-align: justify;\"><strong>Mit tan\u00e1csolnak azoknak, akiknek ugyanazt a d\u00f6nt\u00e9st kell meghozniuk most, mint \u00d6n\u00f6knek a kivitelez\u00e9s el\u0151tt?<\/strong><br \/>\nEgyeztessenek Ervinnel, miel\u0151tt belev\u00e1gnak az \u00e9p\u00edtkez\u00e9sbe.<\/p>\n<p style=\"text-align: justify;\"><strong>Amit m\u00e9g el szeretn\u00e9nek mondani:<br \/>\nEls\u0151dlegesen azt, hogy biztos szakmai h\u00e1tt\u00e9r, illetve a teljes folyamatot \u00e1tl\u00e1tni, \u00f6sszefogni k\u00e9pes szem\u00e9ly n\u00e9lk\u00fcl manaps\u00e1g nem val\u00f3s\u00edthat\u00f3 meg egy \u00e9p\u00edtkez\u00e9s. Ezek hi\u00e1ny\u00e1ban az \u00faj h\u00e1z, az elh\u00faz\u00f3d\u00f3 befejez\u00e9s miatt r\u00e9m\u00e1lom lesz. Az egyeztet\u00e9sek sor\u00e1n t\u00f6bb h\u00e1zat is volt alkalmunk megn\u00e9zni. Szad\u00e1n, \u00e9s Veresen \u00e9vr\u0151l \u00e9vre n\u0151 azok sz\u00e1ma, akik Ervin \u00fcgyfelei voltak. Nek\u00fcnk \u00fagy t\u0171nik, hogy ezek mindegyike el\u00e9gedett \u00fcgyf\u00e9l, ak\u00e1rcsak mi.<\/strong><\/p>\n<p><span class=\"left\"><a href=\"#top\">Ugr\u00e1s az oldal tetej\u00e9re<\/a><\/span><\/p>\n<hr>\n<h2 style=\"text-align: center;\">Hamk\u00f3 csal\u00e1d<\/h2>\n<p style=\"text-align: justify;\"><img loading=\"lazy\" class=\"aligncenter\" src=\"\/content\/uf_hamko.png\" alt=\"\" width=\"200\" height=\"200\"><strong>Milyen m\u00f3don tal\u00e1lt r\u00e1, \u00e9s milyen \u00e9rvek miatt d\u00f6nt\u00f6tt az Expert Kft. mellett?<\/strong><br \/>\nAj\u00e1nlott\u00e1k a c\u00e9get. Megn\u00e9zt\u00fcnk m\u00e1sik kivitelez\u0151t is, de a referenci\u00e1k megtekint\u00e9se \u00e9s a szem\u00e9lyes besz\u00e9lget\u00e9s ut\u00e1n egy\u00e9rtelm\u0171 volt, hogy az Expert Kft.-t v\u00e1lasztjuk.<\/p>\n<p style=\"text-align: justify;\"><strong>Milyen elv\u00e1r\u00e1saik voltak \u00d6n\u00f6knek, amelyeknek meg kellett feleljen a kivitelez\u0151?<\/strong><br \/>\nMin\u0151s\u00e9gi kivitelez\u00e9s, a hat\u00e1rid\u0151k betart\u00e1sa, seg\u00edt\u0151k\u00e9szs\u00e9g, a probl\u00e9m\u00e1k megold\u00e1sa, nem pedig elh\u00e1r\u00edt\u00e1sa.<\/p>\n<p style=\"text-align: justify;\"><strong> Mi a v\u00e9lem\u00e9ny\u00fck a c\u00e9g \u00e1ltal ny\u00fajtott hozz\u00e1\u00e1ll\u00e1sr\u00f3l \u00e9s szolg\u00e1ltat\u00e1sr\u00f3l a kivitelez\u00e9s sor\u00e1n?<\/strong><br \/>\nSeg\u00edt\u0151k\u00e9szs\u00e9g, az esetleges probl\u00e9m\u00e1k miel\u0151bbi megold\u00e1sa. J\u00f3 hangulat, ami szint\u00e9n fontos a min\u0151s\u00e9gi munka mellett.<\/p>\n<p style=\"text-align: justify;\"><strong>Mennyire voltak megel\u00e9gedve a c\u00e9g kivitelez\u0151 csapat\u00e1val \u00e9s annak szakembereivel?<\/strong><br \/>\nL\u00e1tszik, hogy a szakemberek a min\u0151s\u00e9get k\u00e9pviselik. A szakemberek mindegyike ig\u00e9nyes a munk\u00e1j\u00e1val szemben.<\/p>\n<p style=\"text-align: justify;\"><strong>A kivitelez\u00e9s sor\u00e1n felmer\u00fcltek-e v\u00e1ratlan probl\u00e9m\u00e1k? Az \u00d6n\u00f6k elv\u00e1r\u00e1sainak megfelel\u0151en lettek azok megoldva?<\/strong><br \/>\nEl\u0151fordult probl\u00e9ma, amit azonnal megoldottak az elv\u00e1r\u00e1soknak megfelel\u0151en.<\/p>\n<p style=\"text-align: justify;\"><strong>Mit javasolnak azoknak, akik most szeretn\u00e9nek h\u00e1z\u00e9p\u00edt\u00e9sbe fogni?<\/strong><br \/>\nCsak olyan kivitelez\u0151t v\u00e1lasszanak, aki min\u0151s\u00e9get ny\u00fajt.<\/p>\n<p style=\"text-align: justify;\"><strong>Amit m\u00e9g el szeretn\u00e9nek mondani:<br \/>\nR\u00f6viden \u00f6sszefoglalva:&nbsp; j\u00f3l v\u00e1lasztottunk kivitelez\u0151t. \ud83d\ude42<\/strong><\/p>\n<p><span class=\"left\"><a href=\"#top\">Ugr\u00e1s az oldal tetej\u00e9re<\/a><\/span><\/p>\n<hr>\n<h2 style=\"text-align: center;\">Boldizs\u00e1r csal\u00e1d<\/h2>\n<p style=\"text-align: justify;\"><img loading=\"lazy\" class=\"aligncenter\" src=\"\/content\/uf_bjasz.png\" alt=\"\" width=\"200\" height=\"200\"><br \/>\n<strong>Milyen m\u00f3don tal\u00e1lt r\u00e1, \u00e9s milyen \u00e9rvek miatt d\u00f6nt\u00f6tt az Expert Kft. mellett?<\/strong><br \/>\nEgy bar\u00e1ti h\u00e1zasp\u00e1rt\u00f3l kaptuk a tippet, akik \u00e9ppen abban az id\u0151ben vett\u00e9k \u00e1t az Expert Kft. \u00e1ltal \u00e9p\u00edtett csal\u00e1di h\u00e1zukat. A t\u0151l\u00fck kapott inform\u00e1ci\u00f3k m\u00e1r meggy\u0151ztek benn\u00fcnket, \u00e9s az els\u0151 bemutatkoz\u00f3 besz\u00e9lget\u00e9s ut\u00e1n nem is kerest\u00fcnk m\u00e1st. Korrekt, prec\u00edz, egy\u00fcttm\u0171k\u00f6d\u0151 \u00e9s kisz\u00e1m\u00edthat\u00f3 aj\u00e1nlatot kaptunk, \u00edgy nyugodtan v\u00e1ghattunk bele az \u00e9p\u00edtkez\u00e9sbe. Az p\u00e9ld\u00e1ul, hogy folyamatosan fot\u00f3zz\u00e1k a munk\u00e1latokat, s\u0151t ha ig\u00e9ny van r\u00e1 \u2013 bekamer\u00e1zva is v\u00e1llalj\u00e1k az \u00e9p\u00edtkez\u00e9st &#8211; sz\u00e1munkra azt is jelentette, hogy nincs mit takargatni.<\/p>\n<p style=\"text-align: justify;\"><strong>Milyen elv\u00e1r\u00e1sai voltak \u00d6nnek, amelyeknek meg kellett feleljen a kivitelez\u0151? <\/strong><br \/>\nA mi szempontunk az volt, hogy tal\u00e1lni egy olyan kivitelez\u0151t, aki egy k\u00e9zben tudja tartani a munk\u00e1t, \u00e9s mi nyugodtan, fejf\u00e1j\u00e1s\u00e1t\u00f3l mentesen \u00e9lhess\u00fck tov\u00e1bb az eddigi \u00e9let\u00fcnket. M\u00e1sr\u00e9szr\u0151l pedig a teljesk\u00f6r\u0171 szolg\u00e1ltat\u00e1s legyen \u00e1r-\u00e9rt\u00e9k ar\u00e1nyban. Nem v\u00e9letlen a \u201eminosegihaz.hu\u201d webc\u00edm\u00fck sem &#8211; nemcsak a kivitelez\u00e9sben, de a szolg\u00e1ltat\u00e1saik \u00e9s a hozz\u00e1\u00e1ll\u00e1s tekintet\u00e9ben is \u00e9rezhet\u0151, hogy ehhez is tartj\u00e1k magukat. Ebben azt\u00e1n k\u00e9s\u0151bb sem csal\u00f3dtunk, \u00e9s magabiztosan v\u00e1ghattunk bele \u00e9let\u00fcnk egyik legfontosabb terv\u00e9be: csal\u00e1di h\u00e1zunk meg\u00e9p\u00edt\u00e9sbe.<\/p>\n<p style=\"text-align: justify;\"><strong>Mi a v\u00e9lem\u00e9nye a c\u00e9g \u00e1ltal ny\u00fajtott hozz\u00e1\u00e1ll\u00e1sr\u00f3l a kivitelez\u00e9si munk\u00e1latokban?<\/strong><br \/>\nA hozz\u00e1\u00e1ll\u00e1s p\u00e9lda\u00e9rt\u00e9k\u0171, \u00e9s nemcsak a f\u0151v\u00e1llalkoz\u00f3, hanem annak munkat\u00e1rsai \u00e9s az alv\u00e1llalkoz\u00f3k tekintet\u00e9ben is. \u00d6sszeszokott csapatokkal tal\u00e1lkoztunk, akik egyt\u0151l egyig ig\u00e9nyesek a munk\u00e1jukban, \u00e9s saj\u00e1t magukkal szemben is ugyanazt a min\u0151s\u00e9get v\u00e1rj\u00e1k el, amit a kivitelez\u0151 c\u00e9g t\u0151l\u00fck.<\/p>\n<p style=\"text-align: justify;\"><strong>Mennyire volt megel\u00e9gedve a c\u00e9g kivitelez\u0151 csapat\u00e1val \u00e9s annak szakembereivel?<\/strong><br \/>\nMinden csapattal maxim\u00e1lisan el\u00e9gedettek voltunk, n\u00e9h\u00e1nyukkal a mai napig tartjuk a kapcsolatot, \u00e9s tudjuk \u0151ket h\u00edvni, ha \u00e9pp valami k\u00e9rd\u00e9s\u00fcnk van a most m\u00e1r 10 h\u00f3napja \u00fczemel\u0151 h\u00e1zr\u00f3l. A csapatok egy\u00e9bk\u00e9nt nagyon j\u00f3l ismerik egym\u00e1st, \u00edgy egym\u00e1s keze al\u00e1 dolgozva, g\u00f6rd\u00fcl\u00e9keny folyik a munka.<\/p>\n<p style=\"text-align: justify;\"><strong>A kivitelez\u00e9s sor\u00e1n felmer\u00fcltek-e v\u00e1ratlan probl\u00e9m\u00e1k, esetleges f\u00e9lre\u00e9rt\u00e9sek? Az \u00d6n elv\u00e1r\u00e1sainak megfelel\u0151en lettek azok megoldva?<\/strong><br \/>\nA nyolc h\u00f3nap alatt egyetlen egy olyan alv\u00e1llalkoz\u00f3 g\u00e1rda volt, aki nem illett bele a csapatba, de ezt a c\u00e9gvezet\u0151 \u00e9s annak munkat\u00e1rsai is azonnal \u00e9rz\u00e9kelte, \u00e9s reag\u00e1lt r\u00e1. Az esetleges kommunik\u00e1ci\u00f3s f\u00e9lre\u00e9rt\u00e9sekre pedig mindig volt megold\u00e1s, \u00e9s minden esetben zoksz\u00f3 n\u00e9lk\u00fcl ker\u00fclt a hely\u00e9re az adott t\u00e9gla, cs\u0151, huzal,csempe, stb.<\/p>\n<p style=\"text-align: justify;\"><strong>Mit javasolna azoknak, akik most szeretn\u00e9nek h\u00e1z\u00e9p\u00edt\u00e9sbe fogni?<\/strong><br \/>\nNe gondolkodjanak sokat, ne keresg\u00e9ljenek tov\u00e1bb, mert itt meg fogj\u00e1k kapni, azt, amit keresnek. Tan\u00e1csot, tervez\u00e9st, jogi \u00fcgyint\u00e9z\u00e9st, szak\u00e9rtelmet, \u00f6tleteket &#8211; \u00e9s meglep\u0151, de sp\u00f3rol\u00e1si tippeket is!<\/p>\n<p style=\"text-align: justify;\"><strong>Amit m\u00e9g el szeretn\u00e9nek mondani:<br \/>\nA kezdetek kezdet\u00e9n sokat olvasgattuk a c\u00e9g weboldal\u00e1t, \u00e9s benne az \u00fcgyf\u00e9lbesz\u00e1mol\u00f3t \u2013 \u00e9s furcsa volt nekem, hogy err\u0151l a c\u00e9gr\u0151l csak j\u00f3kat \u00edrnak\u2026 Azt\u00e1n ahogy telt m\u00falt az id\u0151, ugyanazok a gondolatok fogalmaz\u00f3dtak benn\u00fcnk is meg, \u00e9s most hasonl\u00f3 sz\u00e9peket \u00edrunk mi is. Nagyon h\u00e1l\u00e1sak vagyunk, hogy r\u00e1tal\u00e1ltunk az Expert Kft.-re, \u00e9s b\u00fcszk\u00e9n rekl\u00e1mozzuk \u0151ket mindenf\u00e9le f\u00f3rumon. A jelenlegi \u00e9p\u00edt\u0151ipari helyzetben, amikor sok rosszat hall az ember kivitelez\u0151 c\u00e9gekr\u0151l, j\u00f3 \u00e9rz\u00e9st azt tudni, hogy a p\u00e9nz\u00fcnk j\u00f3 helyre ker\u00fclt, \u00e9s min\u0151s\u00e9gi munk\u00e1t kaptunk \u00e9rte.<br \/>\n<\/strong><\/p>\n<p><span class=\"left\"><a href=\"#top\">Ugr\u00e1s az oldal tetej\u00e9re<\/a><\/span><\/p>\n<hr>\n<h2 style=\"text-align: center;\">Szab\u00f3 csal\u00e1d<\/h2>\n<p style=\"text-align: justify;\"><img loading=\"lazy\" class=\"aligncenter\" src=\"\/content\/uf_szabo.png\" alt=\"\" width=\"200\" height=\"200\"><br \/>\n<strong>Mi alapj\u00e1n v\u00e1lasztott\u00e1k az Expert Kft.-t?<\/strong><br \/>\nH\u00e1zat szerett\u00fcnk volna v\u00e1s\u00e1rolni, de nem tal\u00e1ltunk megfelel\u0151t, \u00edgy az ingatlan\u00fcgyn\u00f6k\u00fcnk javaslat\u00e1ra tal\u00e1lkoztunk az Expert Kft. \u00fcgyvezet\u0151j\u00e9vel. Az \u00e1ltaluk \u00e9p\u00edtett h\u00e1zak szerkezete \u00e9s a mi elk\u00e9pzel\u00e9seink nagyon hasonl\u00f3ak voltak, a referenci\u00e1ikkal pedig v\u00e9gleg meggy\u0151ztek, hogy a v\u00e1s\u00e1rl\u00e1s helyett az \u00e9p\u00edtkez\u00e9s mellett d\u00f6nts\u00fcnk.<\/p>\n<p style=\"text-align: justify;\"><strong>Mennyire befoly\u00e1solt\u00e1k \u00d6n\u00f6ket a d\u00f6nt\u00e9sben a c\u00e9g \u00e1ltal bemutatott referenci\u00e1k?<\/strong><br \/>\nT\u00f6bb, az Expert Kft. \u00e1ltal \u00e9p\u00edtett h\u00e1zban j\u00e1rtunk az \u00fcgyvezet\u0151vel, amelyek r\u00e9szleteinek kidolgozotts\u00e1ga meggy\u0151z\u00f6tt minket. Valamint az is a bizalmunkat er\u0151s\u00edtette, hogy ezen h\u00e1zak tulajdonosai mindannyian bar\u00e1tk\u00e9nt k\u00f6sz\u00f6nt\u00f6tt\u00e9k otthonukban.<\/p>\n<p style=\"text-align: justify;\"><strong>Mennyire voltak el\u00e9gedettek a c\u00e9g \u00e1ltal ny\u00fajtott kivitelez\u00e9ssel, illetve szolg\u00e1ltat\u00e1sokkal?<\/strong><br \/>\nMaxim\u00e1lisan el\u00e9gedettek voltunk mind a kivitelez\u00e9ssel, mind a c\u00e9g \u00e1ltal ny\u00fajtott szolg\u00e1ltat\u00e1sokkal.<\/p>\n<p><strong>Az elk\u00e9pzel\u00e9seiknek megfelel\u0151en zajlott a kivitelez\u00e9s?<\/strong><br \/>\nMin\u0151s\u00e9gben \u00e9s gyorsas\u00e1gban is az elk\u00e9pzel\u00e9seinket fel\u00fclm\u00falva haladt a kivitelez\u00e9s.<\/p>\n<p style=\"text-align: justify;\"><strong>Az esetlegesen felmer\u00fcl\u0151 probl\u00e9m\u00e1k milyen m\u00f3don lettek megoldva?<\/strong><br \/>\nEgy-k\u00e9t minim\u00e1lis probl\u00e9ma ad\u00f3dott csup\u00e1n, amelyeket azonnal \u00e9s szakszer\u0171en oldottak meg.<\/p>\n<p style=\"text-align: justify;\"><strong>El\u00e9gedettek voltak a szakemberek munk\u00e1ival?<\/strong><br \/>\nA kivitelez\u0151 szakemberek kiv\u00e1l\u00f3 munk\u00e1t v\u00e9geztek. A h\u00e1z gy\u00f6ny\u00f6r\u0171 lett, nagyon el\u00e9gedettek vagyunk.<\/p>\n<p style=\"text-align: justify;\"><strong>Mit tan\u00e1csoln\u00e1nak azoknak, akik h\u00e1z\u00e9p\u00edt\u00e9s el\u0151tt \u00e1llnak?<\/strong><br \/>\nAz Expert Kft. szolg\u00e1ltat\u00e1sa messzemen\u0151en kiemelkedik a magyar \u00e1tlagb\u00f3l \u00e9s v\u00e9lem\u00e9ny\u00fcnk szerint b\u00e1rhol a vil\u00e1gon a legjobbak k\u00f6z\u00f6tt lenne. Ez\u00e9rt azt tudjuk tan\u00e1csolni, hogy ne pazarolj\u00e1k a dr\u00e1ga idej\u00fcket, mert v\u00e9g\u00fcl \u00fagyis enn\u00e9l a c\u00e9gn\u00e9l k\u00f6tnek ki.<\/p>\n<p style=\"text-align: justify;\"><strong>Amit m\u00e9g el szeretn\u00e9nek mondani:<br \/>\nK\u00f6sz\u00f6nj\u00fck a remek h\u00e1zat.<br \/>\nK\u00fcl\u00f6n k\u00f6sz\u00f6nj\u00fck Csizmadia Zolt\u00e1nnak az elk\u00e9pzel\u00e9seink pap\u00edrra vet\u00e9s\u00e9ben tett \u00f3ri\u00e1si munk\u00e1j\u00e1t (egy k\u00f6tetlen besz\u00e9lget\u00e9s\u00fcnk alapj\u00e1n t\u00f6bb tervrajzot k\u00e9sz\u00edtett, amelyekb\u0151l m\u00e1r k\u00f6nnyed\u00e9n tudtuk \u00f6sszegy\u00farni \u00e1lmaink h\u00e1z\u00e1t). Azonk\u00edv\u00fcl szakmai hozz\u00e1\u00e9rt\u00e9s\u00e9vel a kivitelez\u00e9s sor\u00e1n is nagyban hozz\u00e1j\u00e1rult a teljes sikerhez.<br \/>\nK\u00fcl\u00f6n k\u00f6sz\u00f6nj\u00fck dr. M\u00e1t\u00e9 Tam\u00e1snak a lelkiismeretes h\u00e1tt\u00e9rmunk\u00e1t, amellyel levette v\u00e1llunkr\u00f3l a mindennem\u0171 hivatali \u00fcgyint\u00e9z\u00e9s terheit. Term\u00e9szetesen az \u00e9p\u00edtkez\u00e9s helysz\u00edn\u00e9n is mindig sz\u00e1m\u00edthattunk a seg\u00edts\u00e9g\u00e9re (a kilincsek kiv\u00e1laszt\u00e1s\u00e1t\u00f3l a h\u00e1z beb\u00fatoroz\u00e1s\u00e1ig).<br \/>\nLegf\u0151bb k\u00f6sz\u00f6net Krastenics Ervinnek, a c\u00e9g \u00fcgyvezet\u0151j\u00e9nek, aki maximalista szem\u00e9lyis\u00e9g\u00e9vel, proakt\u00edv hozz\u00e1\u00e1ll\u00e1s\u00e1val, nemzetk\u00f6zi tapasztalataival \u00f6szzefogta ezt a kiv\u00e1l\u00f3 csapatot \u00e9s a kivitelez\u00e9st m\u0171v\u00e9szien levez\u00e9nyelte.<\/strong><\/p>\n<p><span class=\"left\"><a href=\"#top\">Ugr\u00e1s az oldal tetej\u00e9re<\/a><\/span><\/p>\n<hr>\n<h2 style=\"text-align: center;\">Sz\u0151ke csal\u00e1d<\/h2>\n<p style=\"text-align: justify;\"><img loading=\"lazy\" class=\"aligncenter\" src=\"\/content\/uf_szoke.png\" alt=\"\" width=\"200\" height=\"200\"><br \/>\n<strong>Milyen m\u00f3don tal\u00e1lt r\u00e1, \u00e9s milyen \u00e9rvek miatt d\u00f6nt\u00f6tt az Expert Kft. mellett?<\/strong><br \/>\nHirdet\u00e9s \u00e9s ingatlaniroda \u00fatj\u00e1n ker\u00fclt megismer\u00e9sre a gazdas\u00e1gi t\u00e1rsas\u00e1g, a d\u00f6nt\u00e9st jelent\u0151s m\u00e9rt\u00e9kben el\u0151seg\u00edtette a c\u00e9gvezet\u0151 korrekt hangneme \u00e9s egyenes, ny\u00edlt t\u00e1rgyal\u00e1si hozz\u00e1\u00e1ll\u00e1sa, ami az otthon \u00e1tad\u00e1s\u00e1t\u00f3l tov\u00e1bbi emberi \u00e9rt\u00e9kekkel gyarapodott.<\/p>\n<p style=\"text-align: justify;\"><strong>Milyen elv\u00e1r\u00e1sai voltak \u00d6nnek, amelyeknek meg kellett feleljen a kivitelez\u0151?<\/strong><br \/>\n\u00c9p\u00edttet\u00e9si tapasztalattal rendelkezt\u00fcnk kor\u00e1bbi ingatlan-beruh\u00e1z\u00e1s kapcs\u00e1n, \u00edgy magas k\u00f6vetelm\u00e9nyeket v\u00e1rtunk el a kivitelez\u00e9s sor\u00e1n, mely m\u00e1r a szerz\u0151d\u00e9stervezet egyeztet\u00e9sekor deklar\u00e1l\u00e1sra ker\u00fclt.<br \/>\nAz al\u00e1bbi kiemelt elv\u00e1r\u00e1sok ker\u00fcltek megfogalmaz\u00e1sra a k\u00f6vetkez\u0151 priorit\u00e1si sorrendben:<\/p>\n<ul>\n<li>A v\u00e1llalt hat\u00e1rid\u0151k k\u00f6vetkezetes betart\u00e1sa, \u00fctemterv szerinti teljes\u00edt\u00e9s (mindk\u00e9t szerz\u0151d\u0151 f\u00e9lre vonatkoznia kellett, mert a bizalom fontos alapja minden esetben a kisz\u00e1m\u00edthat\u00f3s\u00e1g \u00e9s a tervezhet\u0151s\u00e9g;<\/li>\n<li>Min\u0151s\u00e9g \u00e9s ig\u00e9nyess\u00e9g ir\u00e1nti elk\u00f6telezetts\u00e9g nemcsak c\u00e9gvezet\u0151i, hanem szak\u00e1gi kivitelez\u0151i szinten is;<\/li>\n<li>Szerz\u0151d\u00e9s szerinti kivitelez\u00e9si \u00e1rgarancia;<\/li>\n<li>K\u00f6rnyezetv\u00e9delem, az \u00e9p\u00edtkez\u00e9ssel j\u00e1r\u00f3 k\u00f6rnyezetterhel\u00e9s elv\u00e1r\u00e1soknak megfelel\u0151 szinten tart\u00e1sa.<\/li>\n<\/ul>\n<p style=\"text-align: justify;\"><strong>Mi a v\u00e9lem\u00e9nye a c\u00e9g \u00e1ltal ny\u00fajtott hozz\u00e1\u00e1ll\u00e1sr\u00f3l a kivitelez\u00e9si munk\u00e1latokban?<\/strong><br \/>\nC\u00e9lir\u00e1nyosan a v\u00e9geredm\u00e9nyt vizsg\u00e1lva \u00e9s l\u00e1tva, ide\u00e9rtve a garanci\u00e1lis jav\u00edt\u00e1sokat is a hozz\u00e1\u00e1ll\u00e1st p\u00e9ldamutat\u00f3nak kell \u00e9rt\u00e9kelni.<\/p>\n<p style=\"text-align: justify;\"><strong>Mennyire volt megel\u00e9gedve a c\u00e9g kivitelez\u0151 csapat\u00e1val \u00e9s annak szakembereivel?<\/strong><br \/>\nA szak\u00e1gi kivitelez\u0151k csapat\u00e1b\u00f3l h\u00e1rom kiv\u00e1l\u00f3an (k\u00fcls\u0151 sz\u00ednez\u00e9s; sz\u00e1raz\u00e9p\u00edt\u00e9s; fest\u00e9s), kett\u0151 pedig \u00e1tlag feletti teljes\u00edtm\u00e9nyt ny\u00fajtva teljes\u00edtette az elv\u00e1r\u00e1sainkat.<\/p>\n<p style=\"text-align: justify;\"><strong>A kivitelez\u00e9s sor\u00e1n felmer\u00fcltek-e v\u00e1ratlan probl\u00e9m\u00e1k, esetleges f\u00e9lre\u00e9rt\u00e9sek? Az \u00d6n elv\u00e1r\u00e1sainak megfelel\u0151en lettek azok megoldva?<\/strong><br \/>\nMegfelel\u0151 el\u0151zetes tervez\u00e9ssel \u00e9s egyeztet\u00e9ssel probl\u00e9m\u00e1k vagy f\u00e9lre\u00e9rt\u00e9sek nem, kiz\u00e1r\u00f3lag d\u00f6nt\u00e9st ig\u00e9nyl\u0151 helyzetek ker\u00fcltek el\u0151t\u00e9rbe a kivitelez\u00e9s sor\u00e1n. Amennyiben nem az elv\u00e1r\u00e1sainknak megfelel\u0151en ker\u00fcltek volna megold\u00e1sra ezek a helyzetek, akkor a szerz\u0151d\u00e9s keretein bel\u00fcl a k\u00f6vetkez\u0151 kivitelez\u00e9si f\u00e1zisba m\u00e1r nem jutott volna a projekt.<\/p>\n<p style=\"text-align: justify;\"><strong>Mit tan\u00e1csoln\u00e1nak azoknak, akik h\u00e1z\u00e9p\u00edt\u00e9s el\u0151tt \u00e1llnak?<\/strong><br \/>\nAmennyiben felel\u0151s d\u00f6nt\u00e9ssel a gazdas\u00e1gi t\u00e1rsas\u00e1got b\u00edzz\u00e1k meg a kivitelez\u00e9ssel, akkor a min\u0151s\u00e9ggel nem lesz gond. Ezt gyakran tapasztaljuk m\u00e9g t\u00f6bb h\u00f3nap ut\u00e1n is az otthonunkban, \u00faj apr\u00f3 r\u00e9szletek felfedez\u00e9s\u00e9vel. Javasoljuk ugyanakkor, hogy legyenek nyitottak a szokv\u00e1nyost\u00f3l elt\u00e9r\u0151, nem sablonos form\u00e1kra, tov\u00e1bb\u00e1 az \u00faj megold\u00e1sokra a tervez\u00e9skor, valamint a kivitelez\u00e9s sor\u00e1n felmer\u00fcl\u0151 d\u00f6nt\u00e9shelyzetekn\u00e9l.<\/p>\n<p style=\"text-align: justify;\"><strong>Amit m\u00e9g el szeretn\u00e9nek mondani:<br \/>\nAz \u00e9p\u00edt\u00e9ssel j\u00e1r\u00f3 \u00e9s az ingatlan haszn\u00e1latba v\u00e9tel\u00e9vel kapcsolatos teljes k\u00f6r\u0171 \u00fcgyint\u00e9z\u00e9st csak az tudja igaz\u00e1n \u00e9rt\u00e9kelni, aki m\u00e1r legal\u00e1bb egyszer v\u00e9gigcsin\u00e1lta saj\u00e1t maga. A kivitelez\u00e9s sor\u00e1n v\u00e9gig sz\u00e1m\u00edthattunk Dr. M\u00e1t\u00e9 Tam\u00e1sra, szerint\u00fcnk a hat\u00f3s\u00e1gi, a k\u00f6z\u00fczemi szolg\u00e1ltat\u00f3i \u00e9s a sz\u00e1mos egy\u00e9b \u00fcgyint\u00e9z\u00e9sen t\u00fal kulcsszerepe volt abban, hogy a kivitelez\u00e9s sor\u00e1n probl\u00e9m\u00e1kkal \u00e9s f\u00e9lre\u00e9rt\u00e9sekkel nem, csak el\u0151k\u00e9sz\u00edtett d\u00f6nt\u00e9shelyzetekkel kellett foglalkoznunk.<br \/>\nZ\u00e1r\u00f3gondolatk\u00e9nt m\u00e9g fontosnak tartjuk megeml\u00edteni, hogy amennyiben m\u00e9g egy \u00faj h\u00e1z \u00e9p\u00edt\u00e9s\u00e9be belefogn\u00e1nk k\u00f6z\u00e9pt\u00e1von, akkor a kivitelez\u0151 szem\u00e9ly\u00e9n m\u00e1r nem kellene sokat gondolkozni. Ez a v\u00e9lem\u00e9ny szerint\u00fcnk sokkal besz\u00e9desebb b\u00e1rmilyen m\u00e1s hosszas ki\u00e9rt\u00e9kel\u00e9sn\u00e9l.<\/strong><\/p>\n<p><span class=\"left\"><a href=\"#top\">Ugr\u00e1s az oldal tetej\u00e9re<\/a><\/span><\/p>\n<hr>\n<h2 style=\"text-align: center;\">L\u00e9vai csal\u00e1d<\/h2>\n<p style=\"text-align: justify;\"><img loading=\"lazy\" class=\"aligncenter\" src=\"\/content\/uf_levai.png\" alt=\"\" width=\"200\" height=\"200\"><br \/>\n<strong>Mi alapj\u00e1n v\u00e1lasztott\u00e1k az Expert Kft.-t?<\/strong><br \/>\nH\u00e1z\u00e9p\u00edt\u00e9si terveink 2011 tavasz\u00e1ig nem igaz\u00e1n voltak, csup\u00e1n k\u00e9sz h\u00e1zat kerest\u00fcnk a k\u00f6rny\u00e9ken, de \u201eszerencs\u00e9re\u201d nem igaz\u00e1n tal\u00e1ltunk ig\u00e9nyeinknek megfelel\u0151t. Ekkor tal\u00e1lkoztunk Romv\u00e1ri Patr\u00edcia ingatlan \u00fcgyn\u00f6kkel, aki a megl\u00e9v\u0151 telk\u00fcnk megtekint\u00e9se ut\u00e1n kijelentette, \u201eenn\u00e9l jobb \u00e9s szebb fekv\u00e9s\u0171 telket a k\u00f6rny\u00e9ken aligha tal\u00e1lhatunk ez\u00e9rt mi\u00e9rt nem a saj\u00e1t ig\u00e9nyeinknek megfelel\u0151 \u00faj h\u00e1zat \u00e9p\u00edt\u00fcnk ide?\u201d \u0150 aj\u00e1nlotta az Expert Kft-t, amelynek vezet\u0151j\u00e9vel m\u00e1r m\u00e1snap felvett\u00fck a kapcsolatot, aki bemutatta n\u00e9h\u00e1ny, k\u00fcl\u00f6nb\u00f6z\u0151 t\u00edpus\u00fa \u00e9s st\u00edlus\u00fa referencia munk\u00e1jukat, ily m\u00f3don \u201egyorsan\u201d megt\u00f6rt\u00e9nt az \u00faj h\u00e1z meg\u00e9p\u00edt\u00e9s\u00e9re vonatkoz\u00f3 meg\u00e1llapod\u00e1sunk.<\/p>\n<p style=\"text-align: justify;\"><strong>Mennyire befoly\u00e1solt\u00e1k \u00d6n\u00f6ket a d\u00f6nt\u00e9sben a c\u00e9g \u00e1ltal bemutatott referenci\u00e1k?<\/strong><br \/>\nTeljes m\u00e9rt\u00e9kben. A bemutatott referenci\u00e1k azonnal meggy\u0151ztek benn\u00fcnket. Eld\u0151lt, hogy vel\u00fck kell fel\u00e9p\u00edten\u00fcnk a h\u00e1zunkat. Eml\u00edtett\u00fck, hogy sok h\u00e1zat megn\u00e9zt\u00fcnk kor\u00e1bban, de egyik sem \u00e9rt fel azzal a szakmai \u00e9s eszt\u00e9tikai sz\u00ednvonallal, amelyet az Expert Kft. bemutatott.<\/p>\n<p style=\"text-align: justify;\"><strong>Mennyire voltak el\u00e9gedettek a c\u00e9g \u00e1ltal ny\u00fajtott kivitelez\u00e9ssel, illetve szolg\u00e1ltat\u00e1sokkal?<\/strong><br \/>\nA legnagyobb d\u00f6bbenet az volt sz\u00e1munkra, hogy a megjel\u00f6lt id\u0151pontban \u00e9s az \u00edg\u00e9rt min\u0151s\u00e9gi sz\u00ednvonalon megkezd\u0151d\u00f6tt a munka. Sz\u0171k \u00e9p\u00edt\u00e9si ter\u00fcleteket jel\u00f6ltek ki a maguk sz\u00e1m\u00e1ra, amelyet elker\u00edtettek \u00e9s nap mint nap minden t\u00f6rmel\u00e9ket, hullad\u00e9kot \u00e9s f\u00f6l\u00f6sleges anyagot elsz\u00e1ll\u00edtottak a helysz\u00ednr\u0151l.<\/p>\n<p style=\"text-align: justify;\"><strong>Az elk\u00e9pzel\u00e9seiknek megfelel\u0151en zajlott a kivitelez\u00e9s?<\/strong><br \/>\nA kivitelez\u00e9s legmagasabb szint\u0171 k\u00f6vetelm\u00e9nyrendszer\u00e9t m\u00e1r az \u00e9p\u00edtkez\u00e9s megkezd\u00e9se el\u0151tt megtudhattuk a Kft. vezet\u0151j\u00e9t\u0151l. A kivitelez\u00e9s minden munkaf\u00e1zisban kifog\u00e1stalan min\u0151s\u00e9gben t\u00f6rt\u00e9nt.<\/p>\n<p style=\"text-align: justify;\"><strong>Az esetlegesen felmer\u00fclt probl\u00e9m\u00e1k milyen m\u00f3don lettek megoldva?<\/strong><br \/>\nEl\u0151fordult, hogy a tervez\u00e9sben az \u00e1ltalunk el\u0151zetesen j\u00f3v\u00e1hagyott, kisebb v\u00e1ltoz\u00e1sok ig\u00e9ny\u00e9re ut\u00f3lag j\u00f6tt\u00fcnk r\u00e1. K\u00e9rt\u00fck azok m\u00f3dos\u00edt\u00e1s\u00e1t. Ezeket minden esetben sz\u00f3 n\u00e9lk\u00fcl \u00e9s a k\u00e9r\u00e9s\u00fcnk alapj\u00e1n megv\u00e1ltoztatt\u00e1k a kivitelez\u0151k. Olyan szakmai probl\u00e9ma, amely a technol\u00f3giai folyamatokb\u00f3l keletkeztek volna tudom\u00e1sunk szerint nem volt.<\/p>\n<p style=\"text-align: justify;\"><strong>El\u00e9gedettek voltak a szakemberek munk\u00e1ival? <\/strong><br \/>\nA k\u00fcl\u00f6nb\u00f6z\u0151 \u00e9p\u00edt\u0151ipari, szakipari feladatokat minden szakter\u00fclet k\u00e9pvisel\u0151je a legmagasabb szinten, a technol\u00f3giai el\u0151\u00edr\u00e1soknak megfelel\u0151en hajtotta v\u00e9gre. Ez abb\u00f3l ad\u00f3dik, hogy a saj\u00e1t szakembereket ill. a k\u00fcl\u00f6nb\u00f6z\u0151 alv\u00e1llalkoz\u00f3kat magas szakmai, m\u0171szaki \u00e9s etikai ig\u00e9nyess\u00e9ggel v\u00e1lasztott\u00e1k ki. Valamennyi\u00fckkel tudatos\u00edtott\u00e1k az elv\u00e1r\u00e1sok magas m\u0171szaki \u00e9s min\u0151s\u00e9gi szintj\u00e9t. A kivitelez\u0151 csapat munk\u00e1j\u00e1t ir\u00e1ny\u00edt\u00f3 els\u0151 sz\u00e1m\u00fa vezet\u0151nek kiv\u00e1l\u00f3 seg\u00edt\u0151 csapata is van, akik az \u00e9p\u00fcletek valamennyi jogi, m\u0171szaki \u00e9s korm\u00e1nyhivatali \u00fcgyint\u00e9z\u00e9st ig\u00e9nyl\u0151 munk\u00e1it nagy hozz\u00e1\u00e9rt\u00e9ssel \u00e9s szak\u00e9rtelemmel seg\u00edtik.<\/p>\n<p style=\"text-align: justify;\"><strong>Mit tan\u00e1csoln\u00e1nak azoknak, akik h\u00e1z\u00e9p\u00edt\u00e9s el\u0151tt \u00e1llnak?<\/strong><br \/>\nAkik h\u00e1z\u00e9p\u00edt\u00e9s el\u0151tt \u00e1llnak \u00e9s kivitelez\u0151t keresnek, ezt a c\u00e9get aj\u00e1nljuk, mert a feladatokat magas szakmai \u00e9s m\u0171szaki sz\u00ednvonalon, hozz\u00e1\u00e9rt\u00e9ssel teljes\u00edtik.<\/p>\n<p style=\"text-align: justify;\"><strong>Amit m\u00e9g el szeretn\u00e9nek mondani:<br \/>\nErvin, a Kft. vezet\u0151j\u00e9nek szem\u00e9lye biztos\u00edt\u00e9k sz\u00e1munkra, hogy j\u00f3l v\u00e1lasztottunk tervez\u0151t \u00e9s kivitelez\u0151t. Ez m\u00e1r az els\u0151 t\u00e1rgyal\u00e1son kider\u00fclt. Magabiztos, hat\u00e1rozott, rugalmas \u00e9s szimpatikus szem\u00e9lyis\u00e9ge meghat\u00e1roz\u00f3 volt az eg\u00e9sz \u00e9p\u00edtkez\u00e9s sor\u00e1n. Nem igaz\u00e1n \u00e9rtett\u00fck, hogy az \u00e9p\u00edt\u0151ipar stagn\u00e1l\u00e1s\u00e1nak id\u0151szak\u00e1ban mi\u00e9rt lehet az, hogy sok megrendel\u00e9st kap az Expert Kft., hiszen a t\u00e9rs\u00e9gben minden m\u00e1s c\u00e9g fut a megrendel\u00e9sek ut\u00e1n. Kider\u00fclt, hogy Ervin, aki a franciaorsz\u00e1gi \u00e9p\u00edt\u0151ipari \u00e9s v\u00e1llalkoz\u00f3i szf\u00e9r\u00e1ban szocializ\u00e1l\u00f3dott, itthon is magas k\u00f6vetelm\u00e9nyeket \u00e1ll\u00edtott saj\u00e1t maga \u00e9s munkat\u00e1rsai sz\u00e1m\u00e1ra, mint amit a nyugati v\u00e1llalkoz\u00f3i vil\u00e1gban elv\u00e1rnak, ill. megk\u00f6vetelnek. Ervin \u00e9s k\u00f6zvetlen munkat\u00e1rsai szem\u00e9ly\u00e9ben olyan embereket \u00e9s szak\u00e9rt\u0151ket ismert\u00fcnk meg, akiket aj\u00e1nlunk m\u00e1s \u00e9p\u00edtkez\u0151k sz\u00e1m\u00e1ra is. Ezt m\u00e1r n\u00e9h\u00e1ny potenci\u00e1lis \u00e9p\u00edtkez\u0151 r\u00e9sz\u00e9re meg is tett\u00fck. <\/strong><\/p>\n<p><span class=\"left\"><a href=\"#top\">Ugr\u00e1s az oldal tetej\u00e9re<\/a><\/span><\/p>\n<hr>\n<h2 style=\"text-align: center;\">Elek csal\u00e1d<\/h2>\n<p style=\"text-align: justify;\"><img loading=\"lazy\" class=\"aligncenter\" src=\"\/content\/uf_elek.png\" alt=\"\" width=\"200\" height=\"200\"><br \/>\n<strong>Milyen m\u00f3don tal\u00e1lt r\u00e1, \u00e9s milyen \u00e9rvek miatt d\u00f6nt\u00f6tt az Expert Kft. mellett?<\/strong><br \/>\nRomv\u00e1ri Patr\u00edcia ingatlan\u00fcgyn\u00f6k aj\u00e1nlotta a c\u00e9get. Volt egy rossz \u00e9lm\u00e9ny\u00fcnk \u00e9p\u00edttet\u0151vel kapcsolatban, de Patr\u00edcia olyan pozit\u00edvan festette le Ervin\u00e9ket, hogy \u00fagy gondoltuk, tesz\u00fcnk egy pr\u00f3b\u00e1t-\u00e9s nem b\u00e1ntuk meg, s\u0151t! El\u0151re soha nem kellett fizetn\u00fcnk, csak egy-egy munkafolyamat v\u00e9g\u00e9n. Az \u00e9p\u00edtkez\u00e9s sor\u00e1n t\u00f6bb sz\u00e1z fot\u00f3 k\u00e9sz\u00fclt a h\u00e1zr\u00f3l, amelyeken akkor is l\u00e1thattuk, mi \u00e9p\u00fclt a h\u00e1zunkba, ha \u00e9ppen nem voltunk ott.<\/p>\n<p style=\"text-align: justify;\"><strong>Milyen elv\u00e1r\u00e1sai voltak \u00d6nnek, amelyeknek meg kellett feleljen a kivitelez\u0151?<\/strong><br \/>\nA fentiek miatt a legfontosabb: a megb\u00edzhat\u00f3s\u00e1g volt. De emellett term\u00e9szetesen a min\u0151s\u00e9gi kivitelez\u00e9s, megfizethet\u0151 \u00e1ron.<\/p>\n<p style=\"text-align: justify;\"><strong>Mi a v\u00e9lem\u00e9nye a c\u00e9g \u00e1ltal ny\u00fajtott hozz\u00e1\u00e1ll\u00e1sr\u00f3l a kivitelez\u00e9si munk\u00e1latokban?<\/strong><br \/>\nR\u00e9sz\u00fcnkr\u0151l maxim\u00e1lisan meg voltunk\/vagyunk el\u00e9gedve, az els\u0151 pillanatt\u00f3l az utols\u00f3ig. B\u00e1rmilyen k\u00e9r\u00e9s\u00fcnk, javaslatunk volt, teljes m\u00e9rt\u00e9kben figyelembe vett\u00e9k, de emellett hasznos tan\u00e1csokkal seg\u00edtettek minket.<\/p>\n<p style=\"text-align: justify;\"><strong>Mennyire volt megel\u00e9gedve a c\u00e9g kivitelez\u0151 csapat\u00e1val \u00e9s annak szakembereivel?<\/strong><br \/>\nNagyon sz\u00e9p munk\u00e1t v\u00e9geztek, nagyfok\u00fa profizmussal \u00e9s gyorsas\u00e1ggal.<\/p>\n<p style=\"text-align: justify;\"><strong>A kivitelez\u00e9s sor\u00e1n felmer\u00fcltek-e v\u00e1ratlan probl\u00e9m\u00e1k, esetleges f\u00e9lre\u00e9rt\u00e9sek? Az \u00d6n elv\u00e1r\u00e1sainak megfelel\u0151en lettek azok megoldva?<\/strong><br \/>\nProbl\u00e9m\u00e1k tal\u00e1n minden \u00e9p\u00edtkez\u00e9s sor\u00e1n felmer\u00fclnek. De ezek nagyon hamar meg is old\u00f3dtak.<\/p>\n<p style=\"text-align: justify;\"><strong>Mit javasolna azoknak, akik most szeretn\u00e9nek h\u00e1z\u00e9p\u00edt\u00e9sbe fogni?<\/strong><br \/>\nHogy keress\u00e9k fel az Expert Kft.-t! L\u00e9nyeg\u00e9ben \u00e9lhetik tov\u00e1bb megszokott \u00e9let\u00fcket, mert a c\u00e9g mindent, vagyis MINDENT elint\u00e9z, megold helyett\u00fck. Egyetlen feladat, hogy a saj\u00e1t ig\u00e9nyeiknek megfelel\u0151 \u201ehozz\u00e1val\u00f3kat\u201d v\u00e1lasszanak \u00e9p\u00fcl\u0151 otthonukhoz.<\/p>\n<p style=\"text-align: justify;\"><strong>Amit m\u00e9g el szeretn\u00e9nek mondani:<br \/>\nH\u00e1l\u00e1s k\u00f6sz\u00f6net a c\u00e9gnek, mert bebizony\u00edtott\u00e1k, hogy a mai magyar \u00e9p\u00edt\u0151iparban is lehet megb\u00edzhat\u00f3, gyorsan dolgoz\u00f3, el\u00e9rhet\u0151 \u00e1ron gy\u00f6ny\u00f6r\u0171 h\u00e1zat \u00e9p\u00edt\u0151 kivitelez\u0151t tal\u00e1lni!<\/strong><\/p>\n<p><span class=\"left\"><a href=\"#top\">Ugr\u00e1s az oldal tetej\u00e9re<\/a><\/span><\/p>\n<hr>\n<h2 style=\"text-align: center;\">P\u00e1skom utcai project \u00e9p\u00edttet\u0151i<\/h2>\n<p style=\"text-align: justify;\"><img loading=\"lazy\" class=\"aligncenter\" src=\"\/content\/uf_paskom1.png\" alt=\"\" width=\"200\" height=\"200\"><br \/>\n<strong>A t\u00f6bb kivitelez\u0151vel val\u00f3 t\u00e1rgyal\u00e1sok ut\u00e1n, mi\u00e9rt v\u00e1lasztott\u00e1k az Expert Kft.-t?<\/strong><br \/>\nA megbesz\u00e9l\u00e9sek sor\u00e1n mutatott referenci\u00e1k nagyon meggy\u0151z\u0151ek voltak, illetve a szerz\u0151d\u00e9ses folyamat, az \u00e1ltal\u00e1nos felk\u00e9sz\u00fclts\u00e9gi szint profibbnak t\u0171nt, mint a versenyt\u00e1rsakn\u00e1l.<\/p>\n<p style=\"text-align: justify;\"><strong>Milyen benyom\u00e1st keltett \u00d6nben a c\u00e9g \u00e9s a kivitelez\u0151 az els\u0151 tal\u00e1lkoz\u00e1skor?<\/strong><br \/>\nSzokatlan volt a korrekts\u00e9g \u00e9s a bizalom hangs\u00falyoz\u00e1s\u00e1nak a m\u00e9rt\u00e9ke, azonban a gyakorlat a k\u00e9s\u0151bbiekben igazolta, hogy ezek alap\u00e9rt\u00e9kei a c\u00e9gnek.<\/p>\n<p style=\"text-align: justify;\"><strong>T\u00e9nylegesen azt kapt\u00e1k, amit a referencia munk\u00e1k bemutat\u00e1sa \u00e9s a szerz\u0151d\u00e9sben le\u00edrtak alapj\u00e1n v\u00e1rtak?<\/strong><br \/>\nIgen.<\/p>\n<p style=\"text-align: justify;\"><strong>A kivitelez\u00e9s sor\u00e1n felmer\u00fcl\u0151 probl\u00e9m\u00e1k \u00e9s a k\u00f6zben k\u00e9rt v\u00e1ltoztat\u00e1sok folyam\u00e1n, milyen hozz\u00e1\u00e1ll\u00e1st tapasztaltak a c\u00e9gvezet\u0151 \u00e9s a szakemberei r\u00e9sz\u00e9r\u0151l?<\/strong><br \/>\nSeg\u00edt\u0151k\u00e9szek s\u0151t, az esetek d\u00f6nt\u0151 r\u00e9sz\u00e9ben kifejezetten proakt\u00edvak voltak, t\u00f6bb olyan v\u00e1ltoztat\u00e1st \u0151k javasoltak, amivel jobb lett a h\u00e1z, mint az eredetileg tervezett m\u00f3don lett volna. A c\u00e9gvezet\u0151, illetve a projektek \u00f6sszefog\u00e1s\u00e1val foglalkoz\u00f3 koll\u00e9g\u00e1k folyamatosan sok j\u00f3 \u00f6tletet hoztak a megval\u00f3s\u00edt\u00e1shoz. A szak\u00e1gi kivitelez\u0151k szint\u00e9n komoly t\u00f6bblet \u00e9rt\u00e9ket vittek a projektbe munk\u00e1juk sor\u00e1n, sok \u2013 az eredeti terveken t\u00falmutat\u00f3 \u2013 j\u00f3 megold\u00e1st nekik k\u00f6sz\u00f6nhet\u00fcnk. A felmer\u00fcl\u0151 probl\u00e9m\u00e1k elh\u00e1r\u00edt\u00e1s\u00e1ban gyorsak voltak, munk\u00e1juk sor\u00e1n mindig a magas min\u0151s\u00e9gre t\u00f6rekedtek.<\/p>\n<p><strong>Mennyire tal\u00e1lja c\u00e9g\u00fcnket teljes k\u00f6r\u0171 szolg\u00e1ltat\u00f3nak?<\/strong><br \/>\nTeljes m\u00e9rt\u00e9kben, ez szint\u00e9n komoly versenyel\u0151nye a v\u00e1llalkoz\u00e1snak.<\/p>\n<p style=\"text-align: justify;\"><strong>Mit aj\u00e1nl azoknak, akiknek ugyanazt a d\u00f6nt\u00e9st kell meghozniuk most, mint \u00d6nnek a kivitelez\u00e9s el\u0151tt?<\/strong><br \/>\nHa most kezden\u00e9nk \u00e9p\u00edtkez\u00e9sbe \u00fajra az Expertet b\u00edzn\u00e1nk meg, m\u00e1snak is ezt javaslom.<\/p>\n<p style=\"text-align: center;\"><strong>Amit m\u00e9g el szeretn\u00e9nek mondani:<br \/>\nAz Expert f\u0151 \u00e9rt\u00e9kei szerintem:<br \/>\n&#8211; korrekts\u00e9g,<br \/>\n&#8211; rugalmass\u00e1g,<br \/>\n&#8211; magas min\u0151s\u00e9g,<br \/>\n&#8211; teljesk\u00f6r\u0171 szolg\u00e1ltat\u00e1s,<br \/>\n&#8211; nagy tapasztalat,<br \/>\n&#8211; ki\u00e9p\u00fclt besz\u00e1ll\u00edt\u00f3i k\u00f6r.<br \/>\nEz egy nagyon er\u0151s csomag, amire nyugodtan t\u00e1maszkodhatnak a megrendel\u0151k. Mindez nem csak a magas min\u0151s\u00e9g\u0171 munkav\u00e9gz\u00e9sre, de az elfogadhat\u00f3 \u00e1rfekv\u00e9sre is garanci\u00e1t jelent.<\/strong><\/p>\n<p><span class=\"left\"><a href=\"#top\">Ugr\u00e1s az oldal tetej\u00e9re<\/a><\/span><\/p>\n<hr>\n<h2 style=\"text-align: center;\">Karaffy csal\u00e1d<\/h2>\n<p style=\"text-align: justify;\"><img loading=\"lazy\" class=\"aligncenter\" src=\"content\/uf_karaffy.png\" alt=\"\" width=\"200\" height=\"200\"><br \/>\n<strong>A t\u00f6bb kivitelez\u0151vel val\u00f3 t\u00e1rgyal\u00e1sok ut\u00e1n mi\u00e9rt az Expert Kft.-t v\u00e1lasztott\u00e1k?<\/strong><br \/>\nM\u00e1r els\u0151 alkalommal l\u00e1ttuk, hogy a c\u00e9gnek nagyon fontos a min\u0151s\u00e9g \u00e9s a v\u00e1s\u00e1rl\u00f3i el\u00e9gedetts\u00e9g. A referencia h\u00e1zakat megn\u00e9zve pedig nagyon megtetszett a k\u00e9sz h\u00e1zak st\u00edlusa.<\/p>\n<p style=\"text-align: justify;\"><strong>Milyen benyom\u00e1st keltett \u00d6nben a c\u00e9g \u00e9s a kivitelez\u0151 az els\u0151 tal\u00e1lkoz\u00e1skor?<\/strong><br \/>\nK\u00f6zvetlen, korrekt \u00e9s seg\u00edt\u0151k\u00e9sz volt, munk\u00e1j\u00e1ra \u00e9s k\u00f6rnyezet\u00e9re n\u00e9zve pedig egyar\u00e1nt ig\u00e9nyes embernek ismert\u00fck meg.<\/p>\n<p style=\"text-align: justify;\"><strong>T\u00e9nylegesen azt kapt\u00e1k, amit a referencia munk\u00e1k bemutat\u00e1sa \u00e9s a szerz\u0151d\u00e9sben le\u00edrtak alapj\u00e1n v\u00e1rtak?<\/strong><br \/>\nIgen, b\u00e1r nem gondoltuk volna, hogy ilyen g\u00f6rd\u00fcl\u00e9kenyen megy majd minden.<\/p>\n<p style=\"text-align: justify;\"><strong>A kivitelez\u00e9s sor\u00e1n felmer\u00fcl\u0151 probl\u00e9m\u00e1k \u00e9s a k\u00f6zben k\u00e9rt v\u00e1ltoztat\u00e1sok folyam\u00e1n milyen hozz\u00e1\u00e1ll\u00e1st tapasztaltak a c\u00e9gvezet\u0151 \u00e9s a szakemberei r\u00e9sz\u00e9r\u0151l?<\/strong><br \/>\nAkadtak apr\u00f3bb probl\u00e9m\u00e1k \u00e9s v\u00e1ltoztat\u00e1sok, de ezeket mindig siker\u00fclt megoldanunk a c\u00e9g \u00e9s a szakemberek rugalmass\u00e1g\u00e1nak k\u00f6sz\u00f6nhet\u0151en.<\/p>\n<p style=\"text-align: justify;\"><strong>Mennyire tal\u00e1lja c\u00e9g\u00fcnket teljes k\u00f6r\u0171 szolg\u00e1ltat\u00f3nak?<\/strong><br \/>\nAbszol\u00fat teljes k\u00f6r\u0171nek tartom. A hitel\u00fcgyint\u00e9z\u00e9st\u0151l, a hivatali \u00fcgyeken \u00e1t a lakberendez\u00e9sig mindenben seg\u00edtettek. Ez a seg\u00edts\u00e9g nem z\u00e1rult le a h\u00e1z \u00e1tad\u00e1sakor, hanem m\u00e9g mind a mai napig fenn\u00e1ll, b\u00e1rmikor h\u00edvhatjuk Ervint, ha a tan\u00e1cs\u00e1ra\/szak\u00e9rtelm\u00e9re van sz\u00fcks\u00e9g\u00fcnk. Ezt ez\u00faton is k\u00f6sz\u00f6nj\u00fck! Az \u00e1tad\u00e1s el\u0151tti teljes takar\u00edt\u00e1s pedig szint\u00e9n nagy seg\u00edts\u00e9g!<\/p>\n<p style=\"text-align: justify;\"><strong>Mit aj\u00e1nl azoknak, akiknek ugyanazt a d\u00f6nt\u00e9st kell meghozniuk most, mint \u00d6nnek a kivitelez\u00e9s el\u0151tt?<\/strong><br \/>\nSz\u00edvb\u0151l tudjuk aj\u00e1nlani mindenkinek az Expert Kft.-t, mert mindennel meg voltunk el\u00e9gedve. N\u00e1lunk a csal\u00e1dban nem volt egy\u00e9rtelm\u0171en t\u00e1mogatva az \u00e9p\u00edtkez\u00e9s \u00f6tlete, mert nagyon sok negat\u00edv tapasztalatot hallottunk ismer\u0151seinkt\u0151l. Szerencs\u00e9re a mi h\u00e1zunk fel\u00e9p\u00edt\u00e9sekor minden rendben zajlott. Megb\u00edzhat\u00f3, seg\u00edt\u0151k\u00e9sz csapat\u00e1val Ervin bebizony\u00edtotta, hogy lehet min\u0151s\u00e9gi h\u00e1zat j\u00f3 \u00e1ron fel\u00e9p\u00edteni.<\/p>\n<p style=\"text-align: justify;\"><strong>Amit m\u00e9g el szeretn\u00e9nk mondani: K\u00f6sz\u00f6nj\u00fck a sok munk\u00e1t \u00e9s seg\u00edts\u00e9get, a k\u00f6zvetlen bar\u00e1ti hozz\u00e1\u00e1ll\u00e1st, melyet az \u00e9p\u00edtkez\u00e9s alatt folyamatosan \u00e9s m\u00e1ig is kapunk t\u0151letek!<\/strong><\/p>\n<p><span class=\"left\"><a href=\"#top\">Ugr\u00e1s az oldal tetej\u00e9re<\/a><\/span><\/p>\n<hr>\n<h2 style=\"text-align: center;\">\u00c9li\u00e1s G\u00e1bor<\/h2>\n<p style=\"text-align: center;\"><img loading=\"lazy\" class=\"aligncenter\" src=\"content\/uf_elias.png\" alt=\"\" width=\"200\" height=\"200\"><br \/>\n<strong>Tisztelt Expert Kft, Kedves Ervin!<\/strong><\/p>\n<p style=\"text-align: justify;\">Levelemmel szeretn\u00e9m megk\u00f6sz\u00f6nni \u00d6nnek, Neked az Expert Kft \u00e1ltal kivitelezett, elk\u00e9sz\u00fclt csal\u00e1di h\u00e1zat.<br \/>\nElk\u00e9pzel\u00e9sem egy szerkezetk\u00e9sz h\u00e1z befejez\u00e9se a saj\u00e1t elk\u00e9pzel\u00e9seim szerint, de Ervin \u00e9s felk\u00e9sz\u00fclt szakmai st\u00e1bja meggy\u0151z\u00f6tt arr\u00f3l, hogy saj\u00e1t elk\u00e9pzel\u00e9seimet a tervez\u0151asztalon kezdj\u00fck el megval\u00f3s\u00edtani, ne egy m\u00e1r k\u00e9sz h\u00e1zat romboljunk \u00e9s \u00e9p\u00edts\u00fcnk \u00fajj\u00e1, \u00edgy az alapokt\u00f3l nyomon k\u00f6vethetem a \u201eMin\u0151s\u00e9gi h\u00e1z\u201d \u00e9p\u00edt\u00e9s\u00e9t.<br \/>\nA telek kiv\u00e1laszt\u00e1s\u00e1t\u00f3l a finansz\u00edroz\u00e1s megold\u00e1s\u00e1ig nagyon sok seg\u00edts\u00e9get kaptam Ervint\u0151l. Minden Partnere maxim\u00e1lis korrekts\u00e9ggel foglalkozott azzal az \u00fcggyel, hogy az \u00e9p\u00edtkez\u00e9s z\u00f6kken\u0151mentesen elkezd\u0151dhessen.<br \/>\nFolyamatos ko\u00f3per\u00e1ci\u00f3k a kivitelez\u00e9s eg\u00e9sze alatt, minden pillanatban naprak\u00e9sz inform\u00e1ci\u00f3khoz jutottam a k\u00e9sz\u00fclts\u00e9g \u00e1llapot\u00e1r\u00f3l, az \u00fctemterv tov\u00e1bbi alakul\u00e1s\u00e1r\u00f3l. Partner volt, hogy a kivitelez\u00e9s sor\u00e1n \u00faj anyagokat haszn\u00e1ljon, hogy a tervek szerinti Energetikai min\u0151s\u00edt\u00e9snek, amely A+ a h\u00e1z megfeleljen.<br \/>\nA szerz\u0151d\u00e9sben v\u00e1llalt p\u00e9nz\u00fcgyi tervet \u00e9s hat\u00e1rid\u0151t betartva a h\u00e1z napra pontosan elk\u00e9sz\u00fclt.<br \/>\nKomoly seg\u00edts\u00e9g volt, hogy minden hat\u00f3s\u00e1gi enged\u00e9ly beszerz\u00e9s\u00e9t mag\u00e1ra v\u00e1llalta.<br \/>\nMinden az elk\u00e9pzel\u00e9seimnek megfelel\u0151en k\u00e9sz\u00fclt el az elv\u00e1rt magas sz\u00ednvonal\u00fa min\u0151s\u00e9gben. Sz\u00e1momra egy \u00e1lom val\u00f3sult meg, amikor \u00e1tvehettem a kulcsokat. K\u00f6sz\u00f6n\u00f6m.<br \/>\nDe ami sz\u00e1momra enn\u00e9l is fontosabb, hogy h\u00e1zam kivitelez\u0151j\u00e9ben egy olyan c\u00e9ltudatos, \u0151szinte, korrekt embert ismertem meg, akir\u0151l b\u00fcszk\u00e9n \u00e1ll\u00edthatom, hogy meg\u00e9rz\u00e9seim j\u00f3k voltak, j\u00f3l v\u00e1lasztottam, amikor r\u00e1b\u00edztam a h\u00e1zam elk\u00e9sz\u00edt\u00e9s\u00e9t.<\/p>\n<p><span class=\"left\"><a href=\"#top\">Ugr\u00e1s az oldal tetej\u00e9re<\/a><\/span><\/p>\n<hr>\n<h2 style=\"text-align: center;\">Repnik Szabolcs \u00e9s Gy\u00f6rki Mariann<\/h2>\n<p style=\"text-align: justify;\"><img loading=\"lazy\" class=\"aligncenter\" src=\"content\/tp_repnik.png\" alt=\"\" width=\"200\" height=\"200\"><\/p>\n<p style=\"text-align: justify;\"><strong>H\u00e1ny c\u00e9ggel t\u00e1rgyaltak miel\u0151tt az Expert Kft.-t v\u00e1lasztott\u00e1k \u00e9s mi alapj\u00e1n d\u00f6nt\u00f6ttek mellett\u00fcnk?<\/strong><br \/>\nMiel\u0151tt mellett\u00fck d\u00f6nt\u00f6tt\u00fcnk sok kivitelez\u0151t, legal\u00e1bb \u00f6t\u00f6t \u00e9s m\u00e9g t\u00f6bb k\u00e9sz h\u00e1zat megn\u00e9zt\u00fcnk, k\u00f6zt\u00fck Krastenics Ervin h\u00e1zait is \u00e9s ezek ut\u00e1n nem is volt k\u00e9rd\u00e9s, hogy \u0151t k\u00e9rj\u00fck fel. \u00c0r\/\u00e9rt\u00e9k ar\u00e1nyban els\u0151rang\u00fa, min\u0151s\u00e9gben utol\u00e9rhetetlen.<\/p>\n<p style=\"text-align: justify;\"><strong>Milyen benyom\u00e1st keltett \u00d6nben a c\u00e9g az els\u0151 tal\u00e1lkoz\u00e1skor?<\/strong><br \/>\nA c\u00e9gvezet\u0151 r\u00e1termett, seg\u00edt\u0151k\u00e9sz, mindig naprak\u00e9sz \u00e9s igen szimpatikus hozz\u00e1\u00e1ll\u00e1s\u00e1val egyb\u0151l megnyert minket.<\/p>\n<p style=\"text-align: justify;\"><strong>Mennyire tal\u00e1lja c\u00e9g\u00fcnket teljes k\u00f6r\u0171 szolg\u00e1ltat\u00f3nak?<\/strong><br \/>\nMaxim\u00e1lisan. Minden k\u00e9r\u00e9s\u00fcnket, k\u00e9rd\u00e9s\u00fcnket azonnal igyekezett megoldani, megv\u00e1laszolni, rengeteg szakemberrel dolgozik egy\u00fctt, minden szektorb\u00f3l, akik gyorsan, pontosan \u00e9s nagyon j\u00f3l dolgoznak.<\/p>\n<p style=\"text-align: justify;\"><strong>T\u00e9nylegesen azt kapt\u00e1k, amit a referencia munk\u00e1k bemutat\u00e1sa alapj\u00e1n v\u00e1rtak?<\/strong><br \/>\nAz elej\u00e9n tartottunk t\u0151le, hogy amit elk\u00e9pzelt\u00fcnk k\u00e9pet a h\u00e1zr\u00f3l m\u00e1s, mint a val\u00f3s\u00e1g lesz, de a val\u00f3s\u00e1g minden k\u00e9pzelet\u00fcnket fel\u00fclm\u00falta, az otthonunk gy\u00f6ny\u00f6r\u0171 \u00e9s t\u00f6k\u00e9letes lett!<\/p>\n<p style=\"text-align: justify;\"><strong>Milyen \u00e9szrev\u00e9teleik vannak a kivitelez\u00e9si \u00e9s a fizet\u00e9si \u00fctemtervvel kapcsolatban?<\/strong><br \/>\nA kivitelez\u00e9si \u00e9s fizet\u00e9si \u00fctemterv teljes m\u00e9rt\u00e9kben megfelelt a megegyez\u00e9s\u00fcnkben foglaltaknak.<\/p>\n<p style=\"text-align: justify;\"><strong>Mennyire volt el\u00e9gedett az \u00e9p\u00edt\u00e9svezet\u0151 \u00e9s a szakemberek munk\u00e1j\u00e1val?<\/strong><br \/>\nMinden szakember kiv\u00e1l\u00f3an, gyorsan, pontosan \u00e9s nagy hozz\u00e1\u00e9rt\u00e9ssel dolgozott. Teljesen el\u00e9gedettek vagyunk.<\/p>\n<p style=\"text-align: justify;\"><strong>Mi\u00e9rt aj\u00e1nlan\u00e1nak minket m\u00e1s \u00e9p\u00edtkez\u00e9s el\u0151tt \u00e1ll\u00f3 \u00fcgyfeleknek?<\/strong><br \/>\nMert nem \u00e9rdemes m\u00e1ssal dolgoztatni. \ud83d\ude42 Idegesked\u00e9s n\u00e9lk\u00fcl, kev\u00e9s \u00fcgyint\u00e9z\u00e9ssel, viszont sok \u00f6r\u00f6mmel \u00e9s megel\u00e9gedetts\u00e9ggel teltek a h\u00f3napok, m\u00edg az \u00e9p\u00edtkez\u00e9s zajlott.<\/p>\n<p style=\"text-align: justify;\">Amit m\u00e9g el szeretn\u00e9nk mondani: Szonja, a &#8220;gr\u00e1tiszba kapott&#8221; bels\u0151\u00e9p\u00edt\u00e9sz rengeteg hasznos \u00f6tlettel, ut\u00e1naj\u00e1r\u00e1ssal seg\u00edtett nek\u00fcnk, k\u00f6sz\u00f6nj\u00fck sz\u00e9pen!<\/p>\n<p style=\"text-align: justify;\">Mindemellett el kell, hogy mondjuk, b\u00e1rki, aki \u00e9p\u00edtkezni szeretne, higgye el, csak ERVINNEL \u00c9RDEMES! \ud83d\ude42 Nem tal\u00e1lkoztunk m\u00e9g ilyen lelkiismeretes, seg\u00edt\u0151k\u00e9sz \u00e9s becs\u00fcletes kivitelez\u0151vel, mint \u0150, h\u00e1l\u00e1val tartozunk neki. Ervin, K\u00d6SZ\u00d6N\u00dcNK MINDENT!!!!<br \/>\n<span class=\"left\"><a href=\"#top\">Ugr\u00e1s az oldal tetej\u00e9re<\/a><\/span><\/p>\n<hr>\n<h2 style=\"text-align: center;\">T\u00f3th J\u00e1nos \u00e9s Urai \u00c9va<\/h2>\n<p><img loading=\"lazy\" class=\"aligncenter\" src=\"content\/uf_tothurai.png\" alt=\"\" width=\"200\" height=\"200\"><\/p>\n<p style=\"text-align: justify;\"><strong>H\u00e1ny kivitelez\u0151vel t\u00e1rgyaltak a v\u00e1laszt\u00e1s el\u0151tt \u00e9s mi\u00e9rt d\u00f6nt\u00f6ttek az Expert Kft. mellett?<\/strong><br \/>\nEgy kivitelez\u0151vel t\u00e1rgyaltunk, aki cs\u00fany\u00e1n \u00e1tvert! A bar\u00e1taink aj\u00e1nlott\u00e1k a Kft-t, az els\u0151 tal\u00e1lkoz\u00e1s m\u00e1r meg is gy\u0151z\u00f6tt arr\u00f3l, hogy vel\u00fck szeretn\u00e9nk megcsin\u00e1ltatni a h\u00e1zunkat.<\/p>\n<p style=\"text-align: justify;\"><strong><br \/>\nMilyen benyom\u00e1st keltett \u00d6nben a c\u00e9g \u00e9s a kivitelez\u0151 az els\u0151 tal\u00e1lkoz\u00e1skor?<\/strong><br \/>\nA referenci\u00e1kat \u00e9s a hozz\u00e1\u00e1ll\u00e1st l\u00e1tva meggy\u0151z\u0151dhett\u00fcnk a precizit\u00e1sr\u00f3l, a min\u0151s\u00e9gi kivitelez\u00e9sr\u0151l, a kivitelez\u0151vel t\u00f6rt\u00e9nt els\u0151 tal\u00e1lkoz\u00e1skor szimp\u00e1tia, \u0151szintes\u00e9g \u00e9s k\u00f6zvetlens\u00e9g jellemezte a besz\u00e9lget\u00e9st, ami a mai napig is fenn\u00e1ll!<\/p>\n<p style=\"text-align: justify;\"><strong>Mi alapj\u00e1n esett a v\u00e1laszt\u00e1s az Expert Kft.-re?<\/strong><br \/>\nHozz\u00e1\u00e1ll\u00e1suk, seg\u00edt\u0151k\u00e9szs\u00e9g\u00fck \u00e9s korrekts\u00e9g\u00fck alapj\u00e1n.<\/p>\n<p style=\"text-align: justify;\"><strong>Milyen \u00e9szrev\u00e9teleik vannak a kivitelez\u00e9si \u00e9s fizet\u00e9si \u00fctemtervvel kapcsolatban?<\/strong><br \/>\nMinden teljes m\u00e9rt\u00e9kben pontosan \u00e9s prec\u00edzen zajlott.<\/p>\n<p style=\"text-align: justify;\"><strong>T\u00e9nylegesen azt kapt\u00e1k, amit a referencia munk\u00e1k bemutat\u00e1sa alapj\u00e1n v\u00e1rtak?<\/strong><br \/>\nTeljes m\u00e9rt\u00e9kben, amit \u00edg\u00e9rtek 100%-ban betartott\u00e1k.<\/p>\n<p style=\"text-align: justify;\"><strong>El\u0151fordultak-e f\u00e9lre\u00e9rt\u00e9sekhez vezet\u0151 probl\u00e9m\u00e1k vagy megoldhatatlan k\u00e9rd\u00e9sek a kivitelez\u00e9s sor\u00e1n?<\/strong><br \/>\nA tervez\u00e9s sor\u00e1n elk\u00f6vetett apr\u00f3bb hib\u00e1t a kivitelez\u0151 azonnal \u00e9s teljes m\u00e9rt\u00e9kben korrig\u00e1lta, de ez is ink\u00e1bb a mi r\u00e9sz\u00fcnkr\u0151l okozta a probl\u00e9m\u00e1t. A kivitelez\u00e9s sor\u00e1n semmilyen megoldhatatlan probl\u00e9ma nem ad\u00f3dott.<\/p>\n<p style=\"text-align: justify;\"><strong>Mit aj\u00e1nl azoknak, akiknek ugyanazt a d\u00f6nt\u00e9st kell meghozniuk most, mint \u00d6nnek a kivitelez\u00e9s el\u0151tt?<\/strong><br \/>\nNyugodtan megb\u00edzhatnak a kivitelez\u0151ben, szakmailag \u00e9s emberileg is, mert val\u00f3ban azt kapj\u00e1k, amit meg\u00edg\u00e9rt min\u0151s\u00e9gben \u00e9s pontoss\u00e1gban is.<\/p>\n<p style=\"text-align: justify;\"><strong>Az \u00e9p\u00edtkez\u00e9s ideje alatt t\u00f6rt\u00e9n\u0151 v\u00e1ltoztat\u00e1sok esetlegesen \u00faj \u00f6tletek felmer\u00fcl\u00e9se akad\u00e1lyozta-e a kivitelez\u00e9s menet\u00e9t?<\/strong><br \/>\nAbszol\u00fat nem, mert mindig id\u0151ben t\u00e1j\u00e9koztatva voltunk az \u00e9p\u00edtkez\u00e9s menet\u00e9r\u0151l, \u00e9s az \u00f6tleteinket, k\u00e9r\u00e9seinket mindig rugalmasan kezelt\u00e9k.<\/p>\n<p>Ui.: K\u00f6sz\u00f6n\u00fcnk mindent Ervin.<\/p>\n<p><span class=\"left\"><a href=\"#top\">Ugr\u00e1s az oldal tetej\u00e9re<\/a><\/span><\/p>\n<hr>\n<h2 style=\"text-align: center;\">Bal\u00e1zs csal\u00e1d<\/h2>\n<p><img loading=\"lazy\" class=\"aligncenter\" src=\"content\/tp_szilvafa.png\" alt=\"\" width=\"200\" height=\"200\"><br \/>\n<strong>H\u00e1ny kivitelez\u0151vel t\u00e1rgyaltak a v\u00e1laszt\u00e1s el\u0151tt \u00e9s mi\u00e9rt d\u00f6nt\u00f6ttek az Expert Kft. mellett?<\/strong><br \/>\nNem t\u00e1rgyaltunk m\u00e1s kivitelez\u0151vel, mivel egy nagyon j\u00f3 bar\u00e1tunk teljes sz\u00edvvel aj\u00e1nlotta, hogy az Expert Kft-ben felt\u00e9tel n\u00e9lk\u00fcl mindenben megb\u00edzhatunk. Ez megnyugtat\u00f3 volt sz\u00e1munkra, valamint az els\u0151 tal\u00e1lkoz\u00e1s ut\u00e1n nyilv\u00e1nval\u00f3v\u00e1 v\u00e1lt, hogy nem alaptalan a c\u00e9gbe vetett bizalom.<\/p>\n<p style=\"text-align: justify;\"><strong>Milyen benyom\u00e1st keltett \u00d6nben a c\u00e9g \u00e9s kivitelez\u0151 az els\u0151 tal\u00e1lkoz\u00e1skor?<\/strong><br \/>\nMint m\u00e1r az el\u0151z\u0151 pontban eml\u00edtettem, a bizalom az els\u0151 perct\u0151l kezdve meg volt, ami szinte a legfontosabb egy csal\u00e1d \u00e9let\u00e9ben egy ekkora d\u00f6nt\u00e9s el\u0151tt. Egy \u00e9p\u00edtkez\u00e9s nagy gond \u00e9s teher, ha nem a megfelel\u0151 partnert v\u00e1lasztjuk a kivitelez\u00e9shez.<\/p>\n<p style=\"text-align: justify;\"><strong>Mi alapj\u00e1n esett a v\u00e1laszt\u00e1s az Expert Kft.-re?<\/strong><br \/>\nEls\u0151 szempont, ami a megismerked\u00e9st lehet\u0151v\u00e9 tette egy bar\u00e1ti aj\u00e1nl\u00e1s, mely szinte garancia volt az ut\u00f3lag is bebizonyosodott, kifog\u00e1stalan min\u0151s\u00e9g\u0171 kivitelez\u00e9sre. Ezut\u00e1n a referenciamunk\u00e1k bemutat\u00e1s\u00e1val, k\u00e9zzel foghat\u00f3an is bebizonyosodtunk a c\u00e9g kifog\u00e1stalan min\u0151s\u00e9gi munk\u00e1j\u00e1r\u00f3l. Ezt k\u00f6vette a megval\u00f3s\u00edt\u00e1shoz sz\u00fcks\u00e9ges k\u00f6lts\u00e9gvet\u00e9s egyeztet\u00e9se, mely mindk\u00e9t f\u00e9l r\u00e9sz\u00e9r\u0151l v\u00e1llalhat\u00f3 terheket \u00e9s k\u00f6telezetts\u00e9geket jelentett. Miut\u00e1n a fent eml\u00edtett pontok mindegyike t\u00f6k\u00e9letesen megfelelt sz\u00e1munkra, a szerz\u0151d\u00e9sk\u00f6t\u00e9s ut\u00e1n, m\u00e1r csak az \u201eels\u0151 kapav\u00e1g\u00e1sra v\u00e1rtunk\u201d.<\/p>\n<p style=\"text-align: justify;\"><strong>Milyen \u00e9szrev\u00e9teleik vannak a kivitelez\u00e9si \u00e9s a fizet\u00e9si \u00fctemtervvel kapcsolatban?<\/strong><br \/>\nSok tapasztalatom nincs az \u00e9p\u00edtkez\u00e9sben, mivel ez az els\u0151 h\u00e1zunk, de \u00fagy gondolom, hogyha mindenkinek ennyire megk\u00f6nny\u00edten\u00e9k az \u00e9let\u00e9t ebben az izgalmasnak mondhat\u00f3 peri\u00f3dusban, mint, ahogyan ezt az Expert Kft. tette, sokkal t\u00f6bben mern\u00e9nek egy ilyen nagy dologba belev\u00e1gni. Z\u00f6kken\u0151mentesen, pontosan a lehet\u0151 legnagyobb gondoss\u00e1ggal t\u00f6rt\u00e9nt az \u00fctemez\u00e9s megtervez\u00e9se \u00e9s megval\u00f3s\u00edt\u00e1sa.<\/p>\n<p style=\"text-align: justify;\"><strong>T\u00e9nylegesen azt kapt\u00e1k, amit a referencia munk\u00e1k bemutat\u00e1sa alapj\u00e1n v\u00e1rtak?<\/strong><br \/>\nHat\u00e1rozottan igen. Kifog\u00e1stalan min\u0151s\u00e9g gyors kivitelez\u00e9s \u00e9s elfogadhat\u00f3 \u00e1rak.<\/p>\n<p style=\"text-align: justify;\"><strong>El\u0151fordultak-e f\u00e9lre\u00e9rt\u00e9sekhez vezet\u0151 probl\u00e9m\u00e1k vagy megoldatlan k\u00e9rd\u00e9sek a kivitelez\u00e9s sor\u00e1n?<\/strong><br \/>\nF\u00e9lre\u00e9rt\u00e9s \u00e9s megoldatlan probl\u00e9m\u00e1k nem voltak.<\/p>\n<p style=\"text-align: justify;\"><strong>Mit aj\u00e1nl azoknak, akiknek ugyanazt a d\u00f6nt\u00e9st kell meghozniuk most, mint \u00d6nnek a kivitelez\u00e9s el\u0151tt?<\/strong><br \/>\nAzt aj\u00e1nlom, hogy mindenk\u00e9ppen olyan c\u00e9get keressenek meg, akir\u0151l bar\u00e1taik vagy a c\u00e9g volt \u00fcgyfelei hasonl\u00f3 j\u00f3 v\u00e9lem\u00e9nnyel \u00e9s tapasztalatokkal rendelkeznek \u00e9s teljes sz\u00edvb\u0151l aj\u00e1nlj\u00e1k a j\u00f6v\u0151beni egy\u00fcttm\u0171k\u00f6d\u00e9st.<\/p>\n<p style=\"text-align: justify;\"><strong>Az \u00e9p\u00edtkez\u00e9s ideje alatt t\u00f6rt\u00e9n\u0151 v\u00e1ltoztat\u00e1sok esetlegesen \u00faj \u00f6tletek felmer\u00fcl\u00e9se akad\u00e1lyozta-e a kivitelez\u00e9s menet\u00e9t?<\/strong><br \/>\nApr\u00f3bb v\u00e1ltoztat\u00e1sok, esetleges \u00faj \u00f6tletek minden helyzetben el\u0151j\u00f6hetnek. Egy ilyen magas sz\u00ednvonalon m\u0171k\u00f6d\u0151, \u00f6sszeszokott, min\u0151s\u00e9g-orient\u00e1lt c\u00e9g, mint az Expert Kft. eset\u00e9ben az esetleges v\u00e1ltoz\u00e1sok megval\u00f3s\u00edt\u00e1sa teljesen rugalmasan z\u00f6kken\u0151mentesen t\u00f6rt\u00e9nik.<br \/>\nA v\u00e9g\u00e9re, az\u00e9rt hogy ne csak a pozit\u00edv dolgokat eml\u00edtsem, egy dolog megnehez\u00edtheti a kivitelez\u00e9s menet\u00e9t. Ez pedig az id\u0151j\u00e1r\u00e1s, amit sajnos egyel\u0151re m\u00e9g az Expert Kft. sem tud befoly\u00e1solni.<br \/>\nH\u00e1l\u00e1san k\u00f6sz\u00f6nj\u00fck Nektek Ervin \u00e9s Szonja, hogy csal\u00e1dunk \u00faj otthonra tal\u00e1lhatott!<\/p>\n<p><span class=\"left\"><a href=\"#top\">Ugr\u00e1s az oldal tetej\u00e9re<\/a><\/span><\/p>\n<hr>\n<h2 style=\"text-align: center;\">Kocsis csal\u00e1d<\/h2>\n<p><img loading=\"lazy\" class=\"aligncenter\" src=\"content\/tp_kocsis.png\" alt=\"\" width=\"200\" height=\"200\"><br \/>\n<strong>H\u00e1ny kivitelez\u0151vel t\u00e1rgyaltak a v\u00e1laszt\u00e1s el\u0151tt \u00e9s mi\u00e9rt d\u00f6nt\u00f6ttek az Expert Kft. mellett?<\/strong><br \/>\nAz els\u0151 tal\u00e1lkoz\u00e1sunk el\u0151tt t\u00f6bb kivitelez\u0151vel is t\u00e1rgyaltunk, legt\u00f6bbsz\u00f6r m\u00e1r szerkezetk\u00e9sz \u00e1llapot\u00fa ingatlanokr\u00f3l. Ervin mellett hat\u00e1rozott \u00e9s szimpatikus fell\u00e9p\u00e9se, kezdetekt\u0151l tan\u00fas\u00edtott \u00fcgyf\u00e9lbar\u00e1t megk\u00f6zel\u00edt\u00e9se \u00e9s rugalmass\u00e1ga miatt d\u00f6nt\u00f6tt\u00fcnk. A d\u00f6nt\u00e9sben sokat seg\u00edtett, amikor \u00e9p\u00edt\u00e9s alatt \u00e1ll\u00f3 ingatlanait megtekintett\u00fck, illetve tal\u00e1lkoztunk aktu\u00e1lis \u00e9s volt \u00fcgyfeleivel.<\/p>\n<p style=\"text-align: justify;\"><strong>Mi alapj\u00e1n t\u00f6rt\u00e9nt a v\u00e1laszt\u00e1s \u00e9s milyen krit\u00e9riumoknak kellett megfelelnie a kivitelez\u0151nek illetve a c\u00e9gnek?<\/strong><br \/>\nSzempontjaink az al\u00e1bbiak voltak: megb\u00edzhat\u00f3s\u00e1g, megnyugtat\u00f3 referenci\u00e1k, er\u0151s v\u00e1llalkoz\u00f3i h\u00e1tt\u00e9r. Emellett nagyon hasznos volt, hogy Ervin \u00f6nj\u00e1r\u00f3, elfoglalt \u00e9let\u00fcnk mellett rengeteget seg\u00edtett a pap\u00edrmunka elint\u00e9z\u00e9s\u00e9ben, a hivatali \u00fcgyint\u00e9z\u00e9s sor\u00e1n.<\/p>\n<p style=\"text-align: justify;\"><strong>Milyen \u00e9szrev\u00e9teleik voltak a referencia h\u00e1zak bemutat\u00e1sakor, esetleg \u00e9rdekl\u0151dtek-e a c\u00e9gr\u0151l a tulajdonosokn\u00e1l?<\/strong><br \/>\nB\u00e1r az \u00e9p\u00edtkez\u00e9s technol\u00f3giai dolgaihoz nem \u00e9rt\u00fcnk, a bemutatott h\u00e1zak alapvet\u0151en tetszettek. Sokkal nagyobb befoly\u00e1ssal volt r\u00e1nk a volt \u00fcgyfelek v\u00e9lem\u00e9nye \u00e9s az\u00f3ta is tart\u00f3 pozit\u00edv kapcsolata Ervinnel.<\/p>\n<p style=\"text-align: justify;\"><strong>Mennyire volt el\u00e9gedett az \u00e9p\u00edt\u00e9svezet\u0151 \u00e9s a szakemberek munk\u00e1j\u00e1val?<\/strong><br \/>\n\u00d6sszbenyom\u00e1sunk pozit\u00edv. B\u00e1r voltak apr\u00f3bb f\u00e9lre\u00e9rt\u00e9sek, ezeket \u00e1thidaltuk kell\u0151 rugalmass\u00e1ggal.<\/p>\n<p style=\"text-align: justify;\"><strong>Mennyire tal\u00e1lja c\u00e9g\u00fcnket teljes k\u00f6r\u0171 szolg\u00e1ltat\u00f3nak?<\/strong><br \/>\nA mi ig\u00e9nyeinkhez k\u00e9pest teljes k\u00f6r\u0171en. Egyr\u00e9szt Szonja helyismerete, m\u00e1sr\u00e9szt Ervin kapcsolatrendszere sokat seg\u00edtett. Az anyagi finansz\u00edroz\u00e1s, a konyhab\u00fator \u00e9s a riaszt\u00f3rendszer m\u00e1r ut\u00f3bbinak k\u00f6sz\u00f6nhet\u0151en siker\u00fclt\/k\u00e9sz\u00fclt el.<\/p>\n<p style=\"text-align: justify;\"><strong>Az \u00e9p\u00edtkez\u00e9s k\u00f6zben k\u00e9rt v\u00e1ltoztat\u00e1sok, \u00f6tletek okoztak fennakad\u00e1st a kivitelez\u00e9s sor\u00e1n?<\/strong><br \/>\nNem k\u00e9rt\u00fcnk nagy v\u00e1ltoztat\u00e1sokat \u00e9s ezek sem okoztak igazi fennakad\u00e1st.<\/p>\n<p style=\"text-align: justify;\"><strong>Mi\u00e9rt aj\u00e1nlan\u00e1nak minket m\u00e1s \u00e9p\u00edtkez\u00e9s el\u0151tt \u00e1ll\u00f3 \u00fcgyfeleknek?<\/strong><br \/>\nAz \u00e9p\u00edtkez\u00e9s sok stresszel j\u00e1r \u00e9s rengeteg id\u0151t elvesz mind az \u00fcgyint\u00e9z\u00e9s, mint a tervez\u00e9s. B\u00e1r Ervin\u00e9k sem tudnak mindent \u00e1tv\u00e1llalni, seg\u00edts\u00e9g\u00fck jelent\u0151sen k\u00f6nny\u00edtett a helyzet\u00fcnk\u00f6n. Mindemellett Ervin &#8220;eur\u00f3pai&#8221; gondolkod\u00e1sa, v\u00e1llalkoz\u00f3i hozz\u00e1\u00e1ll\u00e1sa azt gondolom \u00f6nmag\u00e1t aj\u00e1nlja.<\/p>\n<p style=\"text-align: justify;\">Amit m\u00e9g el szeretn\u00e9nk mondani:<br \/>\nB\u00edzom benne, hogy az \u00e9p\u00edtkez\u00e9st k\u00f6vet\u0151en is egy\u00fctt tudunk m\u0171k\u00f6dni, hiszen egy h\u00e1z k\u00f6r\u00fcl mindig lesz mit csin\u00e1lni.<\/p>\n<p><span class=\"left\"><a href=\"#top\">Ugr\u00e1s az oldal tetej\u00e9re<\/a><\/span><\/p>\n<hr>\n<h2 style=\"text-align: center;\">Petki csal\u00e1d<\/h2>\n<p><img loading=\"lazy\" class=\"aligncenter\" src=\"content\/uf_petki.png\" alt=\"\" width=\"200\" height=\"200\"><br \/>\n<strong>H\u00e1ny kivitelez\u0151vel t\u00e1rgyaltak a v\u00e1laszt\u00e1s el\u0151tt \u00e9s mi\u00e9rt d\u00f6nt\u00f6ttek az Expert Kft mellett?<\/strong><br \/>\nPontos sz\u00e1mot nem tudok, de azt hiszem el\u00e9g k\u00f6r\u00fcltekint\u0151ek voltunk. A haszn\u00e1lt h\u00e1zakt\u00f3l az \u00fajakon \u00e1t, szem\u00e9lyesen megtekintve mindet. De kiv\u00e9tel n\u00e9lk\u00fcl kompromisszumokat kellett volna k\u00f6tn\u00fcnk, ez\u00e1ltal pedig m\u00e9gsem annyira felh\u0151tlen\u00fcl v\u00e1lt lak\u00f3helyet az ember.<\/p>\n<p style=\"text-align: justify;\"><strong>Mennyire tal\u00e1lja c\u00e9g\u00fcnket teljes k\u00f6r\u0171 szolg\u00e1ltat\u00f3nak?<\/strong><br \/>\nHa gondolkodom, akkor sem tudn\u00e9k olyat mondani, amire nem lett volna megold\u00e1s. Teh\u00e1t a v\u00e1laszom az, hogy maxim\u00e1lisan, amennyiben egy csal\u00e1d ig\u00e9nyeir\u0151l van sz\u00f3.<\/p>\n<p style=\"text-align: justify;\"><strong>Milyen \u00e9szrev\u00e9teleik vannak a kivitelez\u00e9si \u00e9s a fizet\u00e9si \u00fctemtervvel kapcsolatban?<\/strong><br \/>\nA fizet\u00e9ssel kapcsolatban meglep\u0151en nagy rugalmass\u00e1got \u00e9s bizalmat t\u00e1pl\u00e1lt fel\u00e9nk a kivitelez\u0151. Egy kicsit m\u00e9g \u00e9n \u00e9reztem kellemetlen\u00fcl magam, ami\u00e9rt \u00e9n bizalmatlan voltam eleinte\u2026 Az \u00fctemtervben pedig tal\u00e1n maximum, ha egy hetes cs\u00fasz\u00e1s volt. De m\u00e9g ebben sem vagyok biztos.<\/p>\n<p style=\"text-align: justify;\"><strong>A kivitelez\u00e9si szerz\u0151d\u00e9sben le\u00edrtakhoz k\u00e9pest tal\u00e1lt, vagy tapasztalt-e b\u00e1rmi v\u00e1ltoz\u00e1st az \u00e9p\u00edtkez\u00e9s sor\u00e1n?<\/strong><br \/>\nIgen. P\u00e1r dolog jobb lett\u2026<\/p>\n<p style=\"text-align: justify;\"><strong>El\u0151fordultak-e f\u00e9lre\u00e9rt\u00e9sekhez vezet\u0151 probl\u00e9m\u00e1k esetleg megoldatlan k\u00e9rd\u00e9sek a kivitelez\u00e9s sor\u00e1n?<\/strong><br \/>\nMivel minden tekintetben rugalmasan \u00e1lltunk egym\u00e1shoz \u00e9s m\u00e1r a kezdetekt\u0151l figyelemmel k\u00eds\u00e9rt\u00fck az eg\u00e9sz \u00e9p\u00edtkez\u00e9st, \u00edgy semmilyen f\u00e9lre\u00e9rt\u00e9s ill. probl\u00e9ma nem sz\u00fcletett. Folyamatosan kapcsolatban \u00e1lltunk a kivitelez\u0151vel \u00e9s ha b\u00e1rmilyen k\u00e9rd\u00e9s volt, akkor arra egy\u00fctt tal\u00e1ltuk ki a megold\u00e1st.<\/p>\n<p style=\"text-align: justify;\"><strong>Mit aj\u00e1nl azoknak, akiknek ugyanazt a d\u00f6nt\u00e9st kell meghozniuk most, mint \u00d6nnek a kivitelez\u00e9s el\u0151tt?<\/strong><br \/>\nHogy siessenek, nehogy valaki megvegye el\u0151l\u00fck a h\u00e1zukat!<br \/>\nTerm\u00e9szetesen a v\u00e1laszaim \u00fagy t\u0171nhetnek, hogy elfogult vagyok. Tal\u00e1n \u00edgy is van. De egy olyan emberre b\u00edztuk r\u00e1 \u00e1lmaink h\u00e1z\u00e1t, akit el\u0151tte nem ismert\u00fcnk. \u00c9s olyan kellemeset csal\u00f3dtunk, hogy mindig csak elmosolyodok magamban, amikor a bar\u00e1taim\/ismer\u0151seim \u00e9p\u00edtkeznek \u00e9s sorolj\u00e1k, hogy mi nem lett olyan, amilyennek szerett\u00e9k volna, \u00e9s hogy mennyivel ker\u00fclt t\u00f6bbe\u2026 de szerintem ilyennel mindenki tal\u00e1lkozott m\u00e1r.<br \/>\nSzerencs\u00e9re mi nem\u2026<\/p>\n<p><span class=\"left\"><a href=\"#top\">Ugr\u00e1s az oldal tetej\u00e9re<\/a><\/span><\/p>\n<hr>\n<h2 style=\"text-align: center;\">Szekeres csal\u00e1d<\/h2>\n<p><img loading=\"lazy\" class=\"aligncenter\" src=\"content\/tp_szekeres.png\" alt=\"\" width=\"200\" height=\"200\"><\/p>\n<p style=\"text-align: justify;\"><strong>H\u00e1ny kivitelez\u0151vel t\u00e1rgyaltak a v\u00e1laszt\u00e1s el\u0151tt \u00e9s mi\u00e9rt d\u00f6nt\u00f6ttek az Expert Kft mellett?<\/strong><br \/>\nKb. 4-5 kivitelez\u0151t kerest\u00fcnk meg az Expert Kft-vel t\u00f6rt\u00e9n\u0151 tal\u00e1lkoz\u00e1sunk el\u0151tt. Kb. 15-20 h\u00e1zat tekintett\u00fcnk meg Veresegyh\u00e1zon, de egyikkel sem voltunk teljesen el\u00e9gedettek. Legf\u0151k\u00e9pp a kivitelez\u0151vel t\u00f6rt\u00e9nt besz\u00e9lget\u00e9s \u00e9s az elad\u00e1sra k\u00edn\u00e1lt ingatlan megtekint\u00e9se ut\u00e1n alak\u00edtottunk ki egy k\u00e9pet. Sok csal\u00f3d\u00e1s ut\u00e1n m\u00e1r kezdt\u00fcnk letenni a veresegyh\u00e1zi h\u00e1zv\u00e1s\u00e1rl\u00e1sr\u00f3l, mikor tal\u00e1lkoztunk az Expert Kft-vel. Ebben a c\u00e9gben tal\u00e1ltuk meg azt a partnert, aki a referenci\u00e1it, a kivitelez\u00e9shez val\u00f3 hozz\u00e1\u00e1ll\u00e1s\u00e1t figyelembe v\u00e9ve megfelelt az elv\u00e1r\u00e1sainknak.<\/p>\n<p style=\"text-align: justify;\"><strong>Mennyire tal\u00e1lja c\u00e9g\u00fcnket teljes k\u00f6r\u0171 szolg\u00e1ltat\u00f3nak?<\/strong><br \/>\nMeg voltunk el\u00e9gedve a c\u00e9g \u00e1ltal ny\u00fajtott szolg\u00e1ltat\u00e1si k\u00f6rrel. A burkol\u00f3 anyagok, szaniterek kiv\u00e1laszt\u00e1s\u00e1n\u00e1l seg\u00edts\u00e9g volt a kivitelez\u0151 helyismerete (akci\u00f3k, alkalmi v\u00e9telek).<\/p>\n<p style=\"text-align: justify;\"><strong>Milyen \u00e9szrev\u00e9teleik vannak a kivitelez\u00e9si \u00e9s a fizet\u00e9si \u00fctemtervvel kapcsolatban?<\/strong><br \/>\nA kivitelez\u0151 kell\u0151en likvid volt ahhoz, hogy az \u00e9p\u00edtkez\u00e9s g\u00f6rd\u00fcl\u00e9kenyen haladhasson. Eset\u00fcnkben felmer\u00fclt k\u00e9sleked\u00e9s a hitelb\u00edr\u00e1lat sor\u00e1n, ami az \u00e9p\u00edt\u00e9si \u00fctemtervet egy\u00e1ltal\u00e1n nem h\u00e1tr\u00e1ltatta.<\/p>\n<p style=\"text-align: justify;\"><strong>A kivitelez\u00e9si szerz\u0151d\u00e9sben le\u00edrtakhoz k\u00e9pest tal\u00e1lt, vagy tapasztalt-e b\u00e1rmi v\u00e1ltoz\u00e1st az \u00e9p\u00edtkez\u00e9s sor\u00e1n?<\/strong><br \/>\nNem. Mi eszk\u00f6z\u00f6lt\u00fcnk apr\u00f3bb m\u00f3dos\u00edt\u00e1sokat. Ebben a kivitelez\u0151 partner volt. Az elv\u00e1r\u00e1saink teljes\u00fcltek.<\/p>\n<p style=\"text-align: justify;\"><strong>El\u0151fordultak-e f\u00e9lre\u00e9rt\u00e9sekhez vezet\u0151 probl\u00e9m\u00e1k esetleg megoldatlan k\u00e9rd\u00e9sek a kivitelez\u00e9s sor\u00e1n?<\/strong><br \/>\nIlyen nem volt.<\/p>\n<p style=\"text-align: justify;\"><strong>Mit aj\u00e1nl azoknak, akiknek ugyanazt a d\u00f6nt\u00e9st kell meghozniuk most, mint \u00d6nnek a kivitelez\u00e9s el\u0151tt?<\/strong><br \/>\nJ\u00f3l n\u00e9zzenek k\u00f6r\u00fcl a piacon. Tekintsenek meg min\u00e9l t\u00f6bb referenci\u00e1t. Lehet\u0151s\u00e9g szerint besz\u00e9lgessenek a potenci\u00e1lis kivitelez\u0151 \u00e1ltal \u00e9p\u00edtett ingatlanok tulajdonosaival. Pr\u00f3b\u00e1lj\u00e1k meg felm\u00e9rni mennyire likvid a kivitelez\u0151 c\u00e9g, milyenek a tapasztalatok e t\u00e9ren.<br \/>\nA fenti k\u00e9rd\u00e9sekre adott v\u00e1laszokb\u00f3l is kider\u00fcl, hogy mi el\u00e9gedettek voltunk az Expert Kft. szolg\u00e1ltat\u00e1saival, \u00edgy aj\u00e1nljuk azoknak, akik most k\u00edv\u00e1nnak ilyen d\u00f6nt\u00e9st hozni, hogy vegy\u00e9k fel a kapcsolatot a Kft. k\u00e9pvisel\u0151ivel, tekints\u00e9k meg a referenci\u00e1it.<\/p>\n<p><span class=\"left\"><a href=\"#top\">Ugr\u00e1s az oldal tetej\u00e9re<\/a><\/span><\/p>\n<hr>\n<h2 style=\"text-align: center;\">Mik\u00f3 csal\u00e1d<\/h2>\n<p style=\"text-align: justify;\"><img loading=\"lazy\" class=\"aligncenter\" src=\"content\/tp_miko.png\" alt=\"\" width=\"200\" height=\"200\"><br \/>\nA h\u00e1zv\u00e1s\u00e1rl\u00e1s el\u0151tt nem sok kivitelez\u0151vel t\u00e1rgyaltunk, viszont nagyon sok h\u00e1zat megn\u00e9zt\u00fcnk. Egy ingatlank\u00f6zvet\u00edt\u0151 aj\u00e1nlott Benneteket, csupa j\u00f3t mondott R\u00f3latok, \u00e9s azt kell hogy mondjam, nem okoztatok csal\u00f3d\u00e1st. Minden a megbesz\u00e9ltek szerint t\u00f6rt\u00e9nt, rugalmasan kezelt\u00e9tek a dolgokat, az extra k\u00edv\u00e1ns\u00e1gaink teljes\u00fcltek, \u00e9s a mai napig ha n\u00e9ha-n\u00e9ha elromlik valami, akkor azt rendbe hozz\u00e1tok, ami szerintem nem sok kivitelez\u0151re jellemz\u0151. Teh\u00e1t abszol\u00fat el\u00e9gedettek vagyunk Veletek, \u00e9s a szakemberek munk\u00e1j\u00e1val is.<br \/>\nHa valaha egyszer elk\u00f6lt\u00f6zn\u00e9nk innen, akkor csakis olyan h\u00e1zba, amit Ti \u00e9p\u00edtetek fel!<\/p>\n<p><span class=\"left\"><a href=\"#top\">Ugr\u00e1s az oldal tetej\u00e9re<\/a><\/span><\/p>\n<hr>\n<h2 style=\"text-align: center;\">Farkas csal\u00e1d<\/h2>\n<p style=\"text-align: justify;\"><img loading=\"lazy\" class=\"aligncenter\" src=\"content\/tp_farkas.png\" alt=\"\" width=\"200\" height=\"200\"><br \/>\n<strong>H\u00e1ny kivitelez\u0151vel t\u00e1rgyaltak a v\u00e1laszt\u00e1s el\u0151tt \u00e9s mi\u00e9rt d\u00f6nt\u00f6ttek az Expert Kft mellett?<\/strong><br \/>\nMindenk\u00e9ppen Budapest k\u00f6zel\u00e9ben, de nyugodt helyen szerett\u00fcnk volna letelepedni. Nagyon sok helyen j\u00e1rtunk, \u00e9s rengeteg negat\u00edv tapasztalattal \u201egazdagodtunk\u201d. Igaz\u00e1b\u00f3l egyik helyen sem a maxim\u00e1lis megfelel\u00e9sre helyezt\u00e9k a hangs\u00falyt, ink\u00e1bb a minim\u00e1lis szolg\u00e1ltat\u00e1sra. Mondt\u00e1k:\u201dEnnyi f\u00e9r bele a keretbe-ami nem volt sokkal kevesebb n\u00e1luk sem-, \u00e9s lehet jobbat, de azt m\u00e1r \u00f6n\u00f6knek kell finansz\u00edrozni, kiv\u00e1lasztani, ut\u00e1naj\u00e1rni\u2026\u201d. Volt olyan hely, ahol a szomsz\u00e9d fal\u00e1ra ny\u00edlt az ablak, egy talpalatnyi (zsebkend\u0151nyi) hely volt az udvar, vagy \u00e1tj\u00e1rt 2 szomsz\u00e9d a port\u00e1n nap mint nap, mivel 1 k\u00f6z\u00f6s bej\u00e1r\u00f3 vezetett a lak\u00e1sokba\u2026.:( Hosszas keresg\u00e9l\u00e9s ut\u00e1n jutottunk el Veresegyh\u00e1z\u00e1ra, ahol szerencs\u00e9nkre legel\u0151sz\u00f6r a Lux Ingatlank\u00f6zvet\u00edt\u0151 Irod\u00e1ba t\u00e9rt\u00fcnk be. Az ott dolgoz\u00f3 h\u00f6lgy aj\u00e1nlott egy lehet\u0151s\u00e9get, hogy tal\u00e1lkozzunk egy fiatalemberrel, aki seg\u00edthet nek\u00fcnk lak\u00e1st tal\u00e1lni, esetleg fel\u00e9p\u00edti azt. Nemsok\u00e1ra m\u00e1r a referencia h\u00e1zakat is megn\u00e9zhett\u00fck leend\u0151 kivitelez\u0151nk t\u00e1rsas\u00e1g\u00e1ban. Meglepet\u00e9s\u00fcnkre azonnal beleszerett\u00fcnk a st\u00edlusba \u00e9s az els\u0151 l\u00e1t\u00e1sra felt\u0171n\u0151 prec\u00edz kivitelez\u00e9sbe. Szerint\u00fcnk igenis fontos a min\u0151s\u00e9g, f\u0151leg hossz\u00fa t\u00e1von.<\/p>\n<p style=\"text-align: justify;\"><strong>Mennyire tal\u00e1lja c\u00e9g\u00fcnket teljesk\u00f6r\u0171 kiszolg\u00e1l\u00f3nak?<\/strong><br \/>\nAbszol\u00fat teljes k\u00f6r\u0171. Eg\u00e9szen a tervez\u00e9st\u0151l, hitelig\u00e9nyl\u00e9sen kereszt\u00fcl a teljes kivitelez\u00e9sig &#8211; s\u0151t a bek\u00f6lt\u00f6z\u00e9s ut\u00e1n is &#8211; maxim\u00e1lisan kiel\u00e9g\u00edtette ig\u00e9nyeinket, probl\u00e9m\u00e1ink megold\u00e1sra tal\u00e1ltak.<\/p>\n<p style=\"text-align: justify;\"><strong>Milyen \u00e9szrev\u00e9teleik vannak a kivitelez\u00e9si \u00e9s fizet\u00e9si \u00fctemtervvel kapcsolatban?<\/strong><br \/>\nCsak pozit\u00edv tapasztalatok vannak. Teljes m\u00e9rt\u00e9kben igazodott a C\u00e9g a lehet\u0151s\u00e9geinkhez. Mondhatni k\u00f6z\u00f6sen k\u00fczd\u00f6tt\u00fck le az akad\u00e1lyokat.<\/p>\n<p style=\"text-align: justify;\"><strong>A kivitelez\u00e9si szerz\u0151d\u00e9sben le\u00edrtakhoz k\u00e9pest tal\u00e1lt vagy tapasztalt-e b\u00e1rmi v\u00e1ltoz\u00e1st az \u00e9p\u00edtkez\u00e9s sor\u00e1n?<\/strong><br \/>\nNem tal\u00e1ltunk ilyet. Minden terv szerint zajlott.<\/p>\n<p style=\"text-align: justify;\"><strong>El\u0151fordultak-e f\u00e9lre\u00e9rt\u00e9sekhez vezet\u0151 probl\u00e9m\u00e1k esetleg megoldatlan k\u00e9rd\u00e9sek a kivitelez\u00e9s sor\u00e1n?<\/strong><br \/>\nApr\u00f3 probl\u00e9m\u00e1k, k\u00e9rd\u00e9ses dolgok folyamatosan ad\u00f3dhatnak, de kivitelez\u0151nk, Krastenics Ervin mindig a rendelkez\u00e9s\u00fcnkre \u00e1llt. Megpr\u00f3b\u00e1lta orvosolni azokat.<\/p>\n<p style=\"text-align: justify;\"><strong>Mit aj\u00e1nl azoknak, akiknek ugyanazt a d\u00f6nt\u00e9st kell meghozniuk most, mint \u00d6nnek a kivitelez\u00e9s sor\u00e1n?<\/strong><br \/>\nJelen pillanatban, aki \u00e9p\u00edtkez\u00e9sre adja a fej\u00e9t, sokkal nehezebb helyzetben van, mint mi voltunk tavaly. Hitelfelv\u00e9tel ter\u00e9n biztosan\u2026 Azt javasoln\u00e1nk, hogy mindenk\u00e9ppen alaposan j\u00e1rj\u00e1k k\u00f6r\u00fcl a piacot, t\u00f6bb kivitelez\u0151vel konzult\u00e1ljanak, hogy v\u00e9g\u00fcl r\u00e1j\u00f6jjenek, ez a lehet\u0151s\u00e9g lehet, amit meg\u00e1lmodtak maguknak. Az \u00e9p\u00edtkez\u00e9s nem 1-2 \u00e9vre sz\u00f3l, \u00e9s sokaknak egy \u00e9let munk\u00e1ja. Nem besz\u00e9lve arr\u00f3l, hogy nem mindegy, az ember mibe \u00f6li az energi\u00e1j\u00e1t, megtakar\u00edtott p\u00e9nz\u00e9t. \u00dagy \u00e9rezz\u00fck, a legjobb d\u00f6nt\u00e9st hoztuk, mikor meg\u00e1llapodtunk az Expert Kft-vel, hogy fel\u00e9p\u00edtse \u00e1lmaink otthon\u00e1t.<\/p>\n<p><span class=\"left\"><a href=\"#top\">Ugr\u00e1s az oldal tetej\u00e9re<\/a><\/span><\/p>\n<hr>\n<h2 style=\"text-align: center;\">Forg\u00f3 Zolt\u00e1n<\/h2>\n<p style=\"text-align: justify;\"><strong>H\u00e1ny kivitelez\u0151vel t\u00e1rgyaltak a v\u00e1laszt\u00e1s el\u0151tt \u00e9s mi\u00e9rt d\u00f6nt\u00f6ttek az Expert Kft. mellett?<\/strong><br \/>\nNem t\u00e1rgyaltunk m\u00e1ssal. Ervin m\u00e9g mint telektulajdonost keresett meg minket egy szomsz\u00e9dos telken v\u00e9gzett kivitelez\u00e9s enged\u00e9lyez\u00e9s\u00e9vel kapcsolatban, \u00e9s m\u00e1r az akkori tal\u00e1lkoz\u00e1s \u00e9s besz\u00e9lget\u00e9s ut\u00e1n is \u00fagy gondoltuk, hogy lehet, hogy vele fogunk \u00e9p\u00edtkezni. Szimpatikus volt a hozz\u00e1\u00e1ll\u00e1sa, az \u00fcgyf\u00e9lk\u00f6zpont\u00fa szeml\u00e9lete \u00e9s \u0151 maga is. K\u00e9s\u0151bb a m\u00e1r ott lak\u00f3 szomsz\u00e9dokt\u00f3l is kedvez\u0151 visszajelz\u00e9seket kaptunk (nem \u00e1csorognak, hanem dolgoznak az emberei, nem isznak stb.). \u00cdgy mire eljutottunk a kivitelez\u00e9sig, csak az \u00f6sszehasonl\u00edt\u00e1s kedv\u00e9\u00e9rt k\u00e9rt\u00fcnk k\u00e9t m\u00e1sik kivitelez\u0151t\u0151l aj\u00e1nlatot, de \u00fagy \u00fclt\u00fcnk le t\u00e1rgyalni, hogy ha meg tudunk egyezni, akkor vele szeretn\u00e9nk dolgozni.<\/p>\n<p style=\"text-align: justify;\"><strong>Mi alapj\u00e1n t\u00f6rt\u00e9nt a v\u00e1laszt\u00e1s \u00e9s milyen krit\u00e9riumoknak kellett megfelelnie a kivitelez\u0151nek illetve a c\u00e9gnek?<\/strong><br \/>\nFontos volt, hogy bizalmat \u00e9rezz\u00fcnk a kivitelez\u0151nk ir\u00e1nt, hogy korrekt szerz\u0151d\u00e9st k\u00f6ss\u00fcnk, kisz\u00e1m\u00edthat\u00f3 fizet\u00e9si \u00fctemez\u00e9ssel, hogy folyamatosan kontroll\u00e1lhassuk az \u00e9p\u00edtkez\u00e9s folyamat\u00e1t, \u00e9s j\u00f3 min\u0151s\u00e9g\u0171 anyagokb\u00f3l \u00e9p\u00fclj\u00f6n a h\u00e1zunk. Emellett fontosak voltak a referenci\u00e1k. R\u00e9szben, amiket Ervin mutatott mint kor\u00e1bbi \u00e9s folyamatban lev\u0151 \u00e9p\u00edtkez\u00e9seit, illetve a szomsz\u00e9dok, fentebb m\u00e1r eml\u00edtett tapasztalataira is k\u00edv\u00e1ncsiak voltunk.<\/p>\n<p style=\"text-align: justify;\"><strong>Az \u00e9p\u00edtkez\u00e9s k\u00f6zben k\u00e9rt v\u00e1ltoztat\u00e1sok, \u00f6tletek okoztak fennakad\u00e1st a kivitelez\u00e9s sor\u00e1n?<\/strong><br \/>\nNem kaptunk &#8220;azt nem lehet&#8221; t\u00edpus\u00fa v\u00e1laszokat, minden ig\u00e9nyre mind Ervin, mind a szakemberei megkerest\u00e9k a megold\u00e1sokat, s\u0151t, sok esetben \u0151k \u00e9ltek javaslatokkal.<\/p>\n<p style=\"text-align: justify;\"><strong>Milyen \u00e9szrev\u00e9teleik vannak a kivitelez\u00e9si \u00e9s a fizet\u00e9si \u00fctemtervvel kapcsolatban?<\/strong><br \/>\nA mi eset\u00fcnk speci\u00e1lis volt annyiban, hogy szerkezetk\u00e9sz \u00e1llapotig szerz\u0151dt\u00fcnk le, illetve opcion\u00e1lisan a kulcsrak\u00e9sz \u00e1llapotig. V\u00e9g\u00fcl \u2013 Ervint\u0151l \u00e9s az Expert Kft-t\u0151l teljesen f\u00fcggetlen okokb\u00f3l \u2013 nem \u00e9lt\u00fcnk a szerz\u0151d\u00e9s opci\u00f3s r\u00e9sz\u00e9vel. Ennek tanuls\u00e1gak\u00e9nt javasoljuk, hogy hasonl\u00f3 szerz\u0151d\u00e9sn\u00e9l c\u00e9lszer\u0171 lenne a szok\u00e1sosn\u00e1l is r\u00e9szletesebben le\u00edrni, hogy mely m\u0171veletek tartoznak a szerkezetk\u00e9sz, \u00e9s melyek a kulcsrak\u00e9sz f\u00e1zishoz. Ervin eset\u00e9ben nem a rosszhiszem\u0171s\u00e9g miatt, mert ez fel sem mer\u00fclt (s\u0151t, Ervin maga aj\u00e1nlotta, hogy ha gondoljuk, az \u0151 alv\u00e1llalkoz\u00f3it\u00f3l is k\u00e9rj\u00fcnk nyugodtan k\u00f6zvetlen\u00fcl aj\u00e1nlatot), ink\u00e1bb a megrendel\u0151i oldal laikus volta, \u00e9s a f\u00e9lre\u00e9rt\u00e9sek elker\u00fcl\u00e9se miatt.<\/p>\n<p style=\"text-align: justify;\"><strong>Mennyire volt el\u00e9gedett az \u00e9p\u00edt\u00e9svezet\u0151 \u00e9s a szakemberek munk\u00e1j\u00e1val?<\/strong><br \/>\nTeljesen el\u00e9gedettek voltunk. Az \u00e9p\u00edtkez\u00e9s kisz\u00e1m\u00edthat\u00f3an \u00e9s \u00fctemszer\u0171en zajlott, min\u0151s\u00e9gi kifog\u00e1sok nem mer\u00fcltek fel, az alv\u00e1llakoz\u00f3k is egy\u00fcttm\u0171k\u00f6d\u0151k \u00e9s seg\u00edt\u0151k\u00e9szek voltak. Az \u00e9p\u00edt\u00e9svezet\u0151t\u0151l is minden seg\u00edts\u00e9get \u00e9s v\u00e1laszt megkaptunk, t\u00e9nylegesen \u00fagy \u00e9rezt\u00fck, hogy az \u00e9rdekeinket k\u00e9pviseli.<\/p>\n<p style=\"text-align: justify;\"><strong>Mi\u00e9rt aj\u00e1nlan\u00e1nak minket m\u00e1s \u00e9p\u00edtkez\u00e9s el\u0151tt \u00e1ll\u00f3 \u00fcgyfeleknek?<\/strong><br \/>\nLegink\u00e1bb az\u00e9rt, mert az \u00e1ltal\u00e1nos \u00e9p\u00edt\u0151ipari tapasztalatokkal szemben Ervinn\u00e9l nem kell, hogy idegesked\u00e9ssel j\u00e1rjon az \u00e9p\u00edtkez\u00e9s. Az ember megrendeli a kivitelez\u00e9st, kifizeti, amiben megegyezett, \u00e9s megkapja, amit megrendelt. (Ha alkudozik, ak\u00e1r m\u00e9g egy picit t\u00f6bbet is&#8230;) Emellett j\u00f3 min\u0151s\u00e9get kap \u00e9s szolg\u00e1ltat\u00e1st, ami \u00e1ltal val\u00f3ban \u00fcgyf\u00e9lnek \u00e9rezheti mag\u00e1t.<\/p>\n<p><span class=\"left\"><a href=\"#top\">Ugr\u00e1s az oldal tetej\u00e9re<\/a><\/span><\/p>\n<hr>\n<h2 style=\"text-align: center;\">Kov\u00e1cs csal\u00e1d<\/h2>\n<p style=\"text-align: justify;\"><img loading=\"lazy\" class=\"aligncenter\" src=\"content\/uf_kovacsz.png\" alt=\"\" width=\"200\" height=\"200\"><br \/>\n<strong>Milyen m\u00f3don tal\u00e1ltak r\u00e1 az Expert Kft.-re?<\/strong><br \/>\nEgy szerkezetk\u00e9sz h\u00e1zat vett\u00fcnk meg, \u00e9s az elad\u00f3 t\u00f6bb lehets\u00e9ges alv\u00e1llalkoz\u00f3t is bemutatott. K\u00f6z\u00fcl\u00fck v\u00e1lasztottuk ki az Expert Kft-t.<\/p>\n<p style=\"text-align: justify;\"><strong>Milyen benyom\u00e1st keltett \u00d6n\u00f6kben a c\u00e9g \u00e9s kivitelez\u0151 az els\u0151 tal\u00e1lkoz\u00e1skor?<\/strong><br \/>\nErvin nagyon szimpatikus volt els\u0151re is, l\u00e1tszott, hogy r\u00e9gi motoros a szakm\u00e1ban, \u00e9s nagyon rugalmas a hozz\u00e1\u00e1ll\u00e1sa.<\/p>\n<p style=\"text-align: justify;\"><strong>Mi alapj\u00e1n t\u00f6rt\u00e9nt a v\u00e1laszt\u00e1s \u00e9s milyen krit\u00e9riumoknak kellett megfelelnie a kivitelez\u0151nek, illetve a c\u00e9gnek?<\/strong><br \/>\nOlyan c\u00e9ggel szerett\u00fcnk volna dolgoztatni, ahol a k\u00fcl\u00f6nb\u00f6z\u0151 szakemberek ismerik egym\u00e1st, rendszeresen egy\u00fctt dolgoznak. Kor\u00e1bban m\u00e1r \u00faj\u00edtottunk fel lak\u00e1st k\u00fcl\u00f6n-k\u00fcl\u00f6n megb\u00edzott v\u00e1llalkoz\u00f3kkal, \u00edgy tudjuk milyen az, amikor elindul az egym\u00e1sra mutogat\u00e1s. \u00dagy gondoltuk ezen seg\u00edt az, ha \u00f6sszeszokott csapatr\u00f3l van sz\u00f3, \u00e9s ha az \u0151 tev\u00e9kenys\u00e9g\u00fck egy k\u00e9zben fut \u00f6ssze, mert \u00edgy elegend\u0151 egy emberrel egyeztetni a dolgokat.<\/p>\n<p style=\"text-align: justify;\"><strong>Milyen \u00e9szrev\u00e9teleik voltak a referencia h\u00e1zak bemutat\u00e1sakor, esetleg \u00e9rdekl\u0151dtek-e a c\u00e9gr\u0151l a tulajdonosokn\u00e1l?<\/strong><br \/>\nA referencia h\u00e1zak tulajdonosai l\u00e1that\u00f3an tov\u00e1bbra is j\u00f3 kapcsolatban vannak Ervinnel, \u00edgy sejtett\u00fck, hogy komoly min\u0151s\u00e9gi probl\u00e9m\u00e1k nem mer\u00fclhettek fel.<\/p>\n<p style=\"text-align: justify;\"><strong>Az \u00e9p\u00edtkez\u00e9s k\u00f6zben k\u00e9rt v\u00e1ltoztat\u00e1sok, \u00f6tletek okoztak fennakad\u00e1st a kivitelez\u00e9s sor\u00e1n?<\/strong><br \/>\nEzt a v\u00e1rtn\u00e1l is rugalmasabban tudtuk kezelni. T\u00f6bb olyan dolog is volt, amit a kezd\u00e9skor m\u00e9g mi sem tudtuk hogyan szeretn\u00e9nk megoldani, de Ervin \u00e9s az illet\u00e9kes szakemberek mindig j\u00f3 \u00f6tletekkel seg\u00edtettek \u00e9s l\u00e1that\u00f3an arra t\u00f6rekedtek, hogy a v\u00e9geredm\u00e9nnyel el\u00e9gedettek legy\u00fcnk, m\u00e9g akkor is, ha ennek hat\u00e1sa volt a munkaszervez\u00e9sre, hat\u00e1rid\u0151kre, ha \u00e9ppen v\u00e1rni kellett valaminek a beszerz\u00e9s\u00e9re, ami menet k\u00f6zben mer\u00fclt fel.<\/p>\n<p style=\"text-align: justify;\"><strong>Mennyire volt el\u00e9gedett az \u00e9p\u00edt\u00e9svezet\u0151 \u00e9s a szakemberek munk\u00e1j\u00e1val?<\/strong><br \/>\nAz \u00e9p\u00edt\u00e9s sor\u00e1n nem mer\u00fcltek fel komolyabb min\u0151s\u00e9gi probl\u00e9m\u00e1k, az apr\u00f3s\u00e1gok kezel\u00e9s\u00e9re, illetve a gyakran elmarad\u00f3 utols\u00f3 sim\u00edt\u00e1sok elv\u00e9gz\u00e9s\u00e9re mindenki nagyon odafigyelt, \u00edgy ezzel is el\u00e9gedettek voltunk.<\/p>\n<p style=\"text-align: justify;\"><strong>Mi\u00e9rt aj\u00e1nlan\u00e1nak minket m\u00e1s \u00e9p\u00edtkez\u00e9s el\u0151tt \u00e1ll\u00f3 \u00fcgyfeleknek?<\/strong><br \/>\nMert v\u00e9gig azt \u00e9rezt\u00fck, hogy a mi el\u00e9gedetts\u00e9g\u00fcnk\u00e9rt minden megtesz a c\u00e9g, m\u00e9g akkor is, ha n\u00e9ha ez t\u00f6bbletmunk\u00e1t, \u00edgy val\u00f3sz\u00edn\u0171leg t\u00f6bblet k\u00f6lts\u00e9get is okozott. R\u00e1ad\u00e1sul ezeknek a k\u00f6lts\u00e9geknek egy r\u00e9sze nem is lett r\u00e1nk h\u00e1r\u00edtva, hanem &#8220;belef\u00e9rt&#8221;.<\/p>\n<p style=\"text-align: justify;\">Amit m\u00e9g el szeretn\u00e9nk mondani:<br \/>\nA mi h\u00e1zunkat csak a szerkezetk\u00e9sz \u00e1llapott\u00f3l kezdve \u00e9p\u00edtette az Expert Kft. Ebb\u0151l kifoly\u00f3lag t\u00f6bb olyan dolog is volt, amit nekik kellett megoldani \u00fagy, hogy a k\u00e9sz \u00e1llapot m\u00e1r behat\u00e1rolta a lehet\u0151s\u00e9geket. Az ilyen helyzetekben is mindig maxim\u00e1lis rugalmass\u00e1got mutattak, \u00e9s mindent megtettek az\u00e9rt, hogy a legt\u00f6bbet kihozz\u00e1k a lehet\u0151s\u00e9gekb\u0151l. Ezt k\u00fcl\u00f6n k\u00f6sz\u00f6nj\u00fck.<\/p>\n<p><span class=\"left\"><a href=\"#top\">Ugr\u00e1s az oldal tetej\u00e9re<\/a><\/span><\/p>\n<hr>\n","protected":false},"excerpt":{"rendered":"<p>&#8220;H\u00e1l\u00e1sak vagyunk eddigi \u00fcgyfeleinknek a bel\u00e9nk vetett bizalom\u00e9rt \u00e9s hogy meg\u00e9p\u00fclt otthonaik \u00e1ltal megmutathattuk, hogy a Min\u0151s\u00e9gi h\u00e1z egy pozit\u00edv kiv\u00e9tel a k\u00e9tes h\u00edr\u0171 magyar \u00e9p\u00edt\u0151ipari v\u00e1llalkoz\u00e1sok k\u00f6z\u00fcl. Bizalmukat k\u00f6sz\u00f6nj\u00fck!&#8221; \u0150rbotty\u00e1n, rusztikus Milyen \u00e9rvek miatt d\u00f6nt\u00f6tt, az Expert Kivitelez\u00e9s Kft mellett, illetve a c\u00e9g \u00e1ltal bemutatott referencia h\u00e1zak befoly\u00e1solt\u00e1k-e a \u2026 <a class=\"continue-reading-link\" href=\"https:\/\/minosegihaz.hu\/?page_id=921\"> Continue reading <span class=\"meta-nav\">&rarr; <\/span><\/a><\/p>\n","protected":false},"author":1,"featured_media":0,"parent":5741,"menu_order":0,"comment_status":"open","ping_status":"open","template":"","meta":[],"yoast_head":"<!-- This site is optimized with the Yoast SEO plugin v15.3 - https:\/\/yoast.com\/wordpress\/plugins\/seo\/ -->\n<title>\u00dcgyf\u00e9lbesz\u00e1mol\u00f3k -<\/title>\n<meta name=\"description\" content=\"kivitelez\u00e9s, energiahat\u00e9kony, csal\u00e1di h\u00e1z, min\u0151s\u00e9gi, \u00e9p\u00edt\u00e9s, expert\" \/>\n<meta name=\"robots\" content=\"index, follow, max-snippet:-1, max-image-preview:large, max-video-preview:-1\" \/>\n<link rel=\"canonical\" href=\"https:\/\/minosegihaz.hu\/?page_id=921\" \/>\n<meta property=\"og:locale\" content=\"hu_HU\" \/>\n<meta property=\"og:type\" content=\"article\" \/>\n<meta property=\"og:title\" content=\"\u00dcgyf\u00e9lbesz\u00e1mol\u00f3k -\" \/>\n<meta property=\"og:description\" content=\"kivitelez\u00e9s, energiahat\u00e9kony, csal\u00e1di h\u00e1z, min\u0151s\u00e9gi, \u00e9p\u00edt\u00e9s, expert\" \/>\n<meta property=\"og:url\" content=\"https:\/\/minosegihaz.hu\/?page_id=921\" \/>\n<meta property=\"article:modified_time\" content=\"2023-07-30T19:46:18+00:00\" \/>\n<meta property=\"og:image\" content=\"https:\/\/minosegihaz.hu\/content\/orbrusz11.png\" \/>\n<meta name=\"twitter:label1\" content=\"Szerz\u0151:\">\n\t<meta name=\"twitter:data1\" content=\"chriser\">\n\t<meta name=\"twitter:label2\" content=\"Becs\u00fclt olvas\u00e1si id\u0151\">\n\t<meta name=\"twitter:data2\" content=\"58 perc\">\n<script type=\"application\/ld+json\" class=\"yoast-schema-graph\">{\"@context\":\"https:\/\/schema.org\",\"@graph\":[{\"@type\":\"WebSite\",\"@id\":\"https:\/\/minosegihaz.hu\/#website\",\"url\":\"https:\/\/minosegihaz.hu\/\",\"name\":\"\",\"description\":\"Energiahat\\u00e9kony csal\\u00e1di h\\u00e1zak \\u00e9p\\u00edt\\u00e9se, kivitelez\\u00e9se\",\"potentialAction\":[{\"@type\":\"SearchAction\",\"target\":\"https:\/\/minosegihaz.hu\/?s={search_term_string}\",\"query-input\":\"required name=search_term_string\"}],\"inLanguage\":\"hu\"},{\"@type\":\"ImageObject\",\"@id\":\"https:\/\/minosegihaz.hu\/?page_id=921#primaryimage\",\"inLanguage\":\"hu\",\"url\":\"https:\/\/minosegihaz.hu\/content\/orbrusz11.png\"},{\"@type\":\"WebPage\",\"@id\":\"https:\/\/minosegihaz.hu\/?page_id=921#webpage\",\"url\":\"https:\/\/minosegihaz.hu\/?page_id=921\",\"name\":\"\\u00dcgyf\\u00e9lbesz\\u00e1mol\\u00f3k -\",\"isPartOf\":{\"@id\":\"https:\/\/minosegihaz.hu\/#website\"},\"primaryImageOfPage\":{\"@id\":\"https:\/\/minosegihaz.hu\/?page_id=921#primaryimage\"},\"datePublished\":\"2012-01-13T20:02:17+00:00\",\"dateModified\":\"2023-07-30T19:46:18+00:00\",\"description\":\"kivitelez\\u00e9s, energiahat\\u00e9kony, csal\\u00e1di h\\u00e1z, min\\u0151s\\u00e9gi, \\u00e9p\\u00edt\\u00e9s, expert\",\"inLanguage\":\"hu\",\"potentialAction\":[{\"@type\":\"ReadAction\",\"target\":[\"https:\/\/minosegihaz.hu\/?page_id=921\"]}]}]}<\/script>\n<!-- \/ Yoast SEO plugin. -->","_links":{"self":[{"href":"https:\/\/minosegihaz.hu\/index.php?rest_route=\/wp\/v2\/pages\/921"}],"collection":[{"href":"https:\/\/minosegihaz.hu\/index.php?rest_route=\/wp\/v2\/pages"}],"about":[{"href":"https:\/\/minosegihaz.hu\/index.php?rest_route=\/wp\/v2\/types\/page"}],"author":[{"embeddable":true,"href":"https:\/\/minosegihaz.hu\/index.php?rest_route=\/wp\/v2\/users\/1"}],"replies":[{"embeddable":true,"href":"https:\/\/minosegihaz.hu\/index.php?rest_route=%2Fwp%2Fv2%2Fcomments&post=921"}],"version-history":[{"count":72,"href":"https:\/\/minosegihaz.hu\/index.php?rest_route=\/wp\/v2\/pages\/921\/revisions"}],"predecessor-version":[{"id":13804,"href":"https:\/\/minosegihaz.hu\/index.php?rest_route=\/wp\/v2\/pages\/921\/revisions\/13804"}],"up":[{"embeddable":true,"href":"https:\/\/minosegihaz.hu\/index.php?rest_route=\/wp\/v2\/pages\/5741"}],"wp:attachment":[{"href":"https:\/\/minosegihaz.hu\/index.php?rest_route=%2Fwp%2Fv2%2Fmedia&parent=921"}],"curies":[{"name":"wp","href":"https:\/\/api.w.org\/{rel}","templated":true}]}}